{"id":10,"date":"2014-05-13T09:17:57","date_gmt":"2014-05-13T09:17:57","guid":{"rendered":"http:\/\/centresmolina.com\/centreensenyament\/?page_id=10"},"modified":"2015-03-11T14:37:05","modified_gmt":"2015-03-11T14:37:05","slug":"home","status":"publish","type":"page","link":"https:\/\/centresmolina.com\/centreensenyament\/es\/","title":{"rendered":"Home"},"content":{"rendered":"<div id=\"pl-10\"  class=\"panel-layout\" ><div id=\"pg-10-0\"  class=\"panel-grid panel-no-style\" ><div id=\"pgc-10-0-0\"  class=\"panel-grid-cell\" ><div id=\"panel-10-0-0-0\" class=\"so-panel widget widget_black-studio-tinymce widget_black_studio_tinymce panel-first-child panel-last-child\" data-index=\"0\" ><div class=\"textwidget\"><div class=\"duescolumnes blava\">\n<div class=\"columnacont\" data-iguala=\"1\">\n<h1>AC\u00c9RCATE A\u00a0<br \/><span class=\"super\">LA ESCUELA\u00a0<\/span><\/h1>\n<p><strong>LA ESCUELA MOLINA<\/strong>\u00a0es un centro educativo con una tradici\u00f3n de cuidadosa ense\u00f1anza y un estilo educativo personalizado, donde los estudiantes son los aut\u00e9nticos protagonistas.<\/p>\n<p>Ven a conocer nuestro equipo humano formado por profesionales con una dilatada experiencia en el sector.<\/p>\n<ul>\n<li><strong><a href=\"http:\/\/centresmolina.com\/centreensenyament\/que-ofrecemos\/\">Oferta Educativa<\/a><\/strong><\/li>\n<li><strong><a href=\"http:\/\/centresmolina.com\/centreensenyament\/servicios\/#soporte-especial\">Soporte\u00a0a la educaci\u00f3n especial<\/a><\/strong><\/li>\n<li><strong><a href=\"http:\/\/centresmolina.com\/centreensenyament\/servicios\/#actividades-extraescolares\">Actividades\u00a0extraescolares<\/a><\/strong><\/li>\n<\/ul>\n<\/div>\n<\/div>\n<div class=\"duescolumnes blavafosc\">\n<div class=\"columnacont\" data-iguala=\"1\">\n<h1>ACCI\u00d3N<br \/><span class=\"super\">TUTORIAL<\/span><\/h1>\n<p><a href=\"http:\/\/centresmolina.com\/centreensenyament\/files\/2014\/06\/accio-tutorial.jpg\"><img loading=\"lazy\" decoding=\"async\" class=\"alignnone size-full wp-image-718\" src=\"http:\/\/centresmolina.com\/centreensenyament\/files\/2014\/06\/accio-tutorial.jpg\" alt=\"accio tutorial\" width=\"1330\" height=\"885\" data-id=\"718\" srcset=\"https:\/\/centresmolina.com\/centreensenyament\/files\/2014\/06\/accio-tutorial.jpg 1330w, https:\/\/centresmolina.com\/centreensenyament\/files\/2014\/06\/accio-tutorial-300x200.jpg 300w, https:\/\/centresmolina.com\/centreensenyament\/files\/2014\/06\/accio-tutorial-1024x681.jpg 1024w\" sizes=\"auto, (max-width: 1330px) 100vw, 1330px\" \/><\/a><\/p>\n<p>\u00a0<\/p>\n<p>Valoramos de forma\u00a0significativa el <strong>seguimiento de los\u00a0alumnos<\/strong>. Disponemos de un departamento de orientaci\u00f3n, responsable de impulsar la acci\u00f3n tutorial y coordinar la orientaci\u00f3n escolar de los alumnos.\u00a0<\/p>\n<p><a class=\"boto\" href=\"http:\/\/centresmolina.com\/centreensenyament\/accion-tutorial-diversidad\/\">M\u00e1s info<\/a><\/p>\n<\/div>\n<\/div>\n<div class=\"clear\">\u00a0<\/div>\n<\/div><\/div><\/div><\/div><div id=\"pg-10-1\"  class=\"panel-grid panel-no-style\" ><div id=\"pgc-10-1-0\"  class=\"panel-grid-cell\" ><div id=\"panel-10-1-0-0\" class=\"so-panel widget widget_black-studio-tinymce widget_black_studio_tinymce panel-first-child panel-last-child\" data-index=\"1\" ><div class=\"textwidget\"><h2>\u00daltimas noticias<\/h2>\n<p><div class=\"entradaNoticia\" data-iguala=\"10\"><h3>PREINSCRIPCI\u00d3N CFGM CURSO 2026-2027<\/h3><span class=\"data\">01\/04\/2026<\/span><div class=\"snap-bg-attachment\" style=\"background-image:url(https:\/\/centresmolina.com\/centreensenyament\/files\/2026\/03\/CURS-2026-2027-Preinscripcio-CFGM-portada-2-300x171.png);\"><\/div><p>El Departamento de Educaci\u00f3n de la Generalitat ya ha publicado las fechas de preinscripci\u00f3n escolar para el curso 2026-2027. Este...<\/p><a href=\"https:\/\/centresmolina.com\/centreensenyament\/es\/2026\/04\/01\/preinscripcion-cfgm-curso-2026-2027\/\" class=\"boto\">Leer m\u00e1s...<\/a><hr\/><\/div><div class=\"entradaNoticia\" data-iguala=\"10\"><h3>Un viaje gastron\u00f3mico por el Aula d\u2019Acollida \ud83c\udf0d\ud83c\udf7d\ufe0f<\/h3><span class=\"data\">02\/02\/2026<\/span><div class=\"snap-bg-attachment\" style=\"background-image:url(https:\/\/centresmolina.com\/centreensenyament\/files\/2026\/02\/AA-13-300x169.jpg);\"><\/div><p>En el Aula d&#8217;Acollida se ha vivido una experiencia tan enriquecedora como deliciosa: una degustaci\u00f3n de comidas t\u00edpicas de los...<\/p><a href=\"https:\/\/centresmolina.com\/centreensenyament\/es\/2026\/02\/02\/un-viaje-gastronomico-por-el-aula-dacollida-%f0%9f%8c%8d%f0%9f%8d%bd%ef%b8%8f\/\" class=\"boto\">Leer m\u00e1s...<\/a><hr\/><\/div><div class=\"entradaNoticia\" data-iguala=\"10\"><h3>CFGM visita el centro log\u00edstico de Amazon y 3\u00ba de ESO visita la Font M\u00e0gica y Mercabarna<\/h3><span class=\"data\">29\/01\/2026<\/span><div class=\"snap-bg-attachment\" style=\"background-image:url(https:\/\/centresmolina.com\/centreensenyament\/files\/2026\/01\/Mercabarna-00-300x300.jpg);\"><\/div><p>Visita del CFGM de Gesti\u00f3n Administrativa en el centro log\u00edstico de Amazon El alumnado de 1\u00ba de CFGM de Gesti\u00f3n...<\/p><a href=\"https:\/\/centresmolina.com\/centreensenyament\/es\/2026\/01\/29\/cfgm-visita-el-centro-logistico-de-amazon-y-3o-de-eso-visita-la-font-magica-y-mercabarna\/\" class=\"boto\">Leer m\u00e1s...<\/a><hr\/><\/div><div class=\"entradaNoticia\" data-iguala=\"10\"><h3>Primer reto de rob\u00f3tica educativa en 2\u00ba de ESO: \u00a1Sal del laberinto!<\/h3><span class=\"data\">29\/01\/2026<\/span><div class=\"snap-bg-attachment\" style=\"background-image:url(https:\/\/centresmolina.com\/centreensenyament\/files\/2026\/01\/Repte-1-robots-300x169.jpg);\"><\/div><p>En 1\u00ba de ESO, el alumnado se inici\u00f3 en la programaci\u00f3n en bloques mediante actividades del Hour of Code, una...<\/p><a href=\"https:\/\/centresmolina.com\/centreensenyament\/es\/2026\/01\/29\/primer-reto-de-robotica-educativa-en-2o-de-eso-sale-del-laberinto\/\" class=\"boto\">Leer m\u00e1s...<\/a><hr\/><\/div><div class=\"entradaNoticia\" data-iguala=\"10\"><h3>CFGM &#8211; experiencias fuera del aula<\/h3><span class=\"data\">26\/01\/2026<\/span><div class=\"snap-bg-attachment\" style=\"background-image:url(https:\/\/centresmolina.com\/centreensenyament\/files\/2026\/01\/Portada-300x169.jpg);\"><\/div><p>&nbsp; Esta semana, el alumnado de Ciclos Formativos de Grado Medio ha podido vivir dos experiencias muy diferentes pero profundamente...<\/p><a href=\"https:\/\/centresmolina.com\/centreensenyament\/es\/2026\/01\/26\/cfgm-experiencias-fuera-del-aula\/\" class=\"boto\">Leer m\u00e1s...<\/a><hr\/><\/div><div class=\"entradaNoticia\" data-iguala=\"10\"><h3>Proyecto estructuras de 2\u00ba de ESO<\/h3><span class=\"data\">15\/01\/2026<\/span><div class=\"snap-bg-attachment\" style=\"background-image:url(https:\/\/centresmolina.com\/centreensenyament\/files\/2026\/01\/Exposicio-01-300x169.jpg);\"><\/div><p>Si pas\u00e1is estos d\u00edas por la secretar\u00eda de la escuela, ver\u00e9is la exposici\u00f3n de un proyecto de 2\u00ba de ESO....<\/p><a href=\"https:\/\/centresmolina.com\/centreensenyament\/es\/2026\/01\/15\/proyecto-estructuras-de-2o-de-eso\/\" class=\"boto\">Leer m\u00e1s...<\/a><hr\/><\/div><\/p>\n<\/div><\/div><\/div><\/div><\/div>","protected":false},"excerpt":{"rendered":"<p>AC\u00c9RCATE A\u00a0LA ESCUELA\u00a0LA ESCUELA MOLINA\u00a0es un centro educativo con una tradici\u00f3n de cuidadosa ense\u00f1anza y un estilo educativo personalizado, donde&#8230;<\/p>\n","protected":false},"author":1,"featured_media":87,"parent":0,"menu_order":0,"comment_status":"closed","ping_status":"closed","template":"","meta":{"footnotes":""},"class_list":["post-10","page","type-page","status-publish","has-post-thumbnail","hentry"],"yoast_head":"<!-- This site is optimized with the Yoast SEO plugin v27.2 - https:\/\/yoast.com\/product\/yoast-seo-wordpress\/ -->\n<title>Home - Centros de ense\u00f1anza<\/title>\n<meta name=\"robots\" content=\"index, follow, max-snippet:-1, max-image-preview:large, max-video-preview:-1\" \/>\n<link rel=\"canonical\" href=\"https:\/\/centresmolina.com\/centreensenyament\/es\/\" \/>\n<meta property=\"og:locale\" content=\"es_ES\" \/>\n<meta property=\"og:type\" content=\"article\" \/>\n<meta property=\"og:title\" content=\"Home - Centros de ense\u00f1anza\" \/>\n<meta property=\"og:description\" content=\"AC\u00c9RCATE A\u00a0LA ESCUELA\u00a0LA ESCUELA MOLINA\u00a0es un centro educativo con una tradici\u00f3n de cuidadosa ense\u00f1anza y un estilo educativo personalizado, donde...\" \/>\n<meta property=\"og:url\" content=\"https:\/\/centresmolina.com\/centreensenyament\/es\/\" \/>\n<meta property=\"og:site_name\" content=\"Centros de ense\u00f1anza\" \/>\n<meta property=\"article:modified_time\" content=\"2015-03-11T14:37:05+00:00\" \/>\n<meta property=\"og:image\" content=\"https:\/\/centresmolina.com\/centreensenyament\/files\/2014\/05\/banner.png\" \/>\n\t<meta property=\"og:image:width\" content=\"1400\" \/>\n\t<meta property=\"og:image:height\" content=\"575\" \/>\n\t<meta property=\"og:image:type\" content=\"image\/png\" \/>\n<meta name=\"twitter:label1\" content=\"Tiempo de lectura\" \/>\n\t<meta name=\"twitter:data1\" content=\"1 minuto\" \/>\n<script type=\"application\/ld+json\" class=\"yoast-schema-graph\">{\"@context\":\"https:\/\/schema.org\",\"@graph\":[{\"@type\":\"WebPage\",\"@id\":\"https:\/\/centresmolina.com\/centreensenyament\/es\/\",\"url\":\"https:\/\/centresmolina.com\/centreensenyament\/es\/\",\"name\":\"Home - Centros de ense\u00f1anza\",\"isPartOf\":{\"@id\":\"https:\/\/centresmolina.com\/centreensenyament\/#website\"},\"primaryImageOfPage\":{\"@id\":\"https:\/\/centresmolina.com\/centreensenyament\/es\/#primaryimage\"},\"image\":{\"@id\":\"https:\/\/centresmolina.com\/centreensenyament\/es\/#primaryimage\"},\"thumbnailUrl\":\"https:\/\/centresmolina.com\/centreensenyament\/files\/2014\/05\/banner.png\",\"datePublished\":\"2014-05-13T09:17:57+00:00\",\"dateModified\":\"2015-03-11T14:37:05+00:00\",\"breadcrumb\":{\"@id\":\"https:\/\/centresmolina.com\/centreensenyament\/es\/#breadcrumb\"},\"inLanguage\":\"es\",\"potentialAction\":[{\"@type\":\"ReadAction\",\"target\":[\"https:\/\/centresmolina.com\/centreensenyament\/es\/\"]}]},{\"@type\":\"ImageObject\",\"inLanguage\":\"es\",\"@id\":\"https:\/\/centresmolina.com\/centreensenyament\/es\/#primaryimage\",\"url\":\"https:\/\/centresmolina.com\/centreensenyament\/files\/2014\/05\/banner.png\",\"contentUrl\":\"https:\/\/centresmolina.com\/centreensenyament\/files\/2014\/05\/banner.png\",\"width\":1400,\"height\":575},{\"@type\":\"BreadcrumbList\",\"@id\":\"https:\/\/centresmolina.com\/centreensenyament\/es\/#breadcrumb\",\"itemListElement\":[{\"@type\":\"ListItem\",\"position\":1,\"name\":\"Portada\",\"item\":\"https:\/\/centresmolina.com\/centreensenyament\/es\/\"},{\"@type\":\"ListItem\",\"position\":2,\"name\":\"Home\"}]},{\"@type\":\"WebSite\",\"@id\":\"https:\/\/centresmolina.com\/centreensenyament\/#website\",\"url\":\"https:\/\/centresmolina.com\/centreensenyament\/\",\"name\":\"Centros de ense\u00f1anza\",\"description\":\"Centres Molina - Centros de ense\u00f1anza\",\"potentialAction\":[{\"@type\":\"SearchAction\",\"target\":{\"@type\":\"EntryPoint\",\"urlTemplate\":\"https:\/\/centresmolina.com\/centreensenyament\/?s={search_term_string}\"},\"query-input\":{\"@type\":\"PropertyValueSpecification\",\"valueRequired\":true,\"valueName\":\"search_term_string\"}}],\"inLanguage\":\"es\"}]}<\/script>\n<!-- \/ Yoast SEO plugin. -->","yoast_head_json":{"title":"Home - Centros de ense\u00f1anza","robots":{"index":"index","follow":"follow","max-snippet":"max-snippet:-1","max-image-preview":"max-image-preview:large","max-video-preview":"max-video-preview:-1"},"canonical":"https:\/\/centresmolina.com\/centreensenyament\/es\/","og_locale":"es_ES","og_type":"article","og_title":"Home - Centros de ense\u00f1anza","og_description":"AC\u00c9RCATE A\u00a0LA ESCUELA\u00a0LA ESCUELA MOLINA\u00a0es un centro educativo con una tradici\u00f3n de cuidadosa ense\u00f1anza y un estilo educativo personalizado, donde...","og_url":"https:\/\/centresmolina.com\/centreensenyament\/es\/","og_site_name":"Centros de ense\u00f1anza","article_modified_time":"2015-03-11T14:37:05+00:00","og_image":[{"width":1400,"height":575,"url":"https:\/\/centresmolina.com\/centreensenyament\/files\/2014\/05\/banner.png","type":"image\/png"}],"twitter_misc":{"Tiempo de lectura":"1 minuto"},"schema":{"@context":"https:\/\/schema.org","@graph":[{"@type":"WebPage","@id":"https:\/\/centresmolina.com\/centreensenyament\/es\/","url":"https:\/\/centresmolina.com\/centreensenyament\/es\/","name":"Home - Centros de ense\u00f1anza","isPartOf":{"@id":"https:\/\/centresmolina.com\/centreensenyament\/#website"},"primaryImageOfPage":{"@id":"https:\/\/centresmolina.com\/centreensenyament\/es\/#primaryimage"},"image":{"@id":"https:\/\/centresmolina.com\/centreensenyament\/es\/#primaryimage"},"thumbnailUrl":"https:\/\/centresmolina.com\/centreensenyament\/files\/2014\/05\/banner.png","datePublished":"2014-05-13T09:17:57+00:00","dateModified":"2015-03-11T14:37:05+00:00","breadcrumb":{"@id":"https:\/\/centresmolina.com\/centreensenyament\/es\/#breadcrumb"},"inLanguage":"es","potentialAction":[{"@type":"ReadAction","target":["https:\/\/centresmolina.com\/centreensenyament\/es\/"]}]},{"@type":"ImageObject","inLanguage":"es","@id":"https:\/\/centresmolina.com\/centreensenyament\/es\/#primaryimage","url":"https:\/\/centresmolina.com\/centreensenyament\/files\/2014\/05\/banner.png","contentUrl":"https:\/\/centresmolina.com\/centreensenyament\/files\/2014\/05\/banner.png","width":1400,"height":575},{"@type":"BreadcrumbList","@id":"https:\/\/centresmolina.com\/centreensenyament\/es\/#breadcrumb","itemListElement":[{"@type":"ListItem","position":1,"name":"Portada","item":"https:\/\/centresmolina.com\/centreensenyament\/es\/"},{"@type":"ListItem","position":2,"name":"Home"}]},{"@type":"WebSite","@id":"https:\/\/centresmolina.com\/centreensenyament\/#website","url":"https:\/\/centresmolina.com\/centreensenyament\/","name":"Centros de ense\u00f1anza","description":"Centres Molina - Centros de ense\u00f1anza","potentialAction":[{"@type":"SearchAction","target":{"@type":"EntryPoint","urlTemplate":"https:\/\/centresmolina.com\/centreensenyament\/?s={search_term_string}"},"query-input":{"@type":"PropertyValueSpecification","valueRequired":true,"valueName":"search_term_string"}}],"inLanguage":"es"}]}},"_links":{"self":[{"href":"https:\/\/centresmolina.com\/centreensenyament\/es\/wp-json\/wp\/v2\/pages\/10\/"}],"collection":[{"href":"https:\/\/centresmolina.com\/centreensenyament\/es\/wp-json\/wp\/v2\/pages\/"}],"about":[{"href":"https:\/\/centresmolina.com\/centreensenyament\/es\/wp-json\/wp\/v2\/types\/page\/"}],"author":[{"embeddable":true,"href":"https:\/\/centresmolina.com\/centreensenyament\/es\/wp-json\/wp\/v2\/users\/1\/"}],"replies":[{"embeddable":true,"href":"https:\/\/centresmolina.com\/centreensenyament\/es\/wp-json\/wp\/v2\/comments\/?post=10"}],"version-history":[{"count":38,"href":"https:\/\/centresmolina.com\/centreensenyament\/es\/wp-json\/wp\/v2\/pages\/10\/revisions\/"}],"predecessor-version":[{"id":884,"href":"https:\/\/centresmolina.com\/centreensenyament\/es\/wp-json\/wp\/v2\/pages\/10\/revisions\/884\/"}],"wp:featuredmedia":[{"embeddable":true,"href":"https:\/\/centresmolina.com\/centreensenyament\/es\/wp-json\/wp\/v2\/media\/87\/"}],"wp:attachment":[{"href":"https:\/\/centresmolina.com\/centreensenyament\/es\/wp-json\/wp\/v2\/media\/?parent=10"}],"curies":[{"name":"wp","href":"https:\/\/api.w.org\/{rel}","templated":true}]}}