{"id":18,"date":"2014-05-13T09:35:38","date_gmt":"2014-05-13T09:35:38","guid":{"rendered":"http:\/\/centresmolina.com\/centreensenyament\/?page_id=18"},"modified":"2025-09-09T07:30:52","modified_gmt":"2025-09-09T07:30:52","slug":"secretaria","status":"publish","type":"page","link":"https:\/\/centresmolina.com\/centreensenyament\/es\/secretaria\/","title":{"rendered":"Secretar\u00eda"},"content":{"rendered":"<h2 id=\"inscripciones\">Preinscripciones y matr\u00edculas<\/h2>\n<p id=\"tw-target-text\" class=\"tw-data-text tw-text-large XcVN5d tw-ta\" dir=\"ltr\" data-placeholder=\"Traducci\u00f3\"><span lang=\"es\">El proceso de preinscripci\u00f3n escolar para cursar ESO se anunciar\u00e1 pronto y termina con la formalizaci\u00f3n de la matr\u00edcula, a finales de junio.<\/span><\/p>\n<p class=\"tw-data-text tw-text-large XcVN5d tw-ta\" dir=\"ltr\" data-placeholder=\"Traducci\u00f3\"><a href=\"https:\/\/preinscripcio.gencat.cat\/ca\/estudis\/eso\/inici\/\" target=\"_blank\" rel=\"noopener\"><span lang=\"es\">Preinscripci\u00f3n ESO\u00a0 Curso 2024-2025<\/span><\/a><\/p>\n<p dir=\"ltr\" data-placeholder=\"Traducci\u00f3\"><a href=\"http:\/\/centresmolina.com\/centreensenyament\/files\/2023\/03\/guia-preinscripcio-ca.pdf\">GU\u00cdA PREINSCRIPCI\u00d3N ESO CURS 24-25<\/a><\/p>\n<p class=\"tw-data-text tw-text-large XcVN5d tw-ta\" dir=\"ltr\" data-placeholder=\"Traducci\u00f3\"><span lang=\"es\">Presentaci\u00f3n de solicitudes para CFGM Gesti\u00f3n Administrativa: para el alumnado con continuidad en los estudios (en general, para aquellos que est\u00e1n cursando cuarto de la ESO actualmente)<b> del 12 al 18 de abril <\/b>y para el resto,<b> del 24 al 30 de mayo.<\/b><\/span><\/p>\n<p id=\"inscripciones\"><a href=\"https:\/\/preinscripcio.gencat.cat\/ca\/estudis\/fp-grau-mitja\/inici\/\" target=\"_blank\" rel=\"noopener\">Preinscripci\u00f3n CFGM Curso 2024-2025<\/a><\/p>\n<p>Si a\u00fan no has venido a informarte, ponte en contacto con nosotros y te facilitaremos toda la informaci\u00f3n que necesites, resolveremos tus dudas, te ense\u00f1aremos nuestra escuela y te ayudaremos a tramitar toda la documentaci\u00f3n.<\/p>\n<p><a href=\"http:\/\/queestudiar.gencat.cat\/ca\/preinscripcio\/\">ELECCI\u00d3N EDUCATIVA<\/a><\/p>\n<p>DOCUMENTOS PARA LA PREINSCRIPCI\u00d3N:<\/p>\n<p>Junto con la solicitud de preinscripci\u00f3n hay que adjuntar la siguiente documentaci\u00f3n:<\/p>\n<ul class=\"custom-lista\">\n<li>Fotocopia del DNI del alumno\/a, pasaporte o tarjeta de residencia donde consta el NIE.<\/li>\n<li>Fotocopia del DNI del Padre, Madre y\/o tutor Legal, pasaporte o tarjeta de residencia donde consta el NIE.<\/li>\n<li>Fotocopia del libro de familia (p\u00e1gina del alumno\/a) u otros documentos relativos a la filiaci\u00f3n (partida de nacimiento).<\/li>\n<li>Fotocopia del Certificado M\u00e9dico Oficial o Carn\u00e9 de Vacunaciones.<\/li>\n<li>Fotocopia de la TIS (tarjeta de identificaci\u00f3n sanitaria) del alumno.<\/li>\n<li>Documentaci\u00f3n notas escolares.<\/li>\n<li>Fotocopia datos bancarios (cartilla bancaria).<\/li>\n<\/ul>\n<p>Con las fotocopias correspondientes tambi\u00e9n ser\u00e1 necesario entregar los originales, para su comprobaci\u00f3n.<\/p>\n<h2>Documentos de inter\u00e9s para las familias<\/h2>\n<p><a class=\"download-link\" href=\"http:\/\/centresmolina.com\/centreensenyament\/files\/2025\/09\/NORMES-CONVIVENCIA-25-26.pdf\">NORMAS DE CONVIVENCIA<\/a><\/p>\n<p><a class=\"download-link\" href=\"http:\/\/centresmolina.com\/centreensenyament\/files\/2023\/07\/MENJADOR-WEB.pdf\">SERVICIO DE COMEDOR<\/a><\/p>\n<p><a class=\"download-link\" href=\"http:\/\/centresmolina.com\/centreensenyament\/files\/2023\/09\/Preus-Menjador-23-24.pdf\">PRECIOS COMEDOR 24-25<\/a><\/p>\n<p><a class=\"download-link\" href=\"http:\/\/centresmolina.com\/centreensenyament\/files\/2024\/09\/MENU-2024-2025.doc_-1.pdf\" target=\"_blank\" rel=\"noopener\">MEN\u00da 24-25 LLAR<\/a><\/p>\n<p><a class=\"download-link\" href=\"http:\/\/centresmolina.com\/centreensenyament\/files\/2024\/09\/LISTADO-LIBROS-MATERIAL-ALUMNOS-2024-2025-FAMILIES.xlsx_.pdf\">LISTADO LIBROS 24-25<\/a><\/p>\n<p><a class=\"download-link\" href=\"http:\/\/centresmolina.com\/centreensenyament\/files\/2023\/07\/INTOLERANCIES-MENJADOR.pdf\">INTOLERANCIAS COMEDOR<\/a><\/p>\n<p><a class=\"download-link\" href=\"http:\/\/centresmolina.com\/centreensenyament\/files\/2023\/07\/FULL-DE-DOMICILIACIO-BANCARIA.pdf\">HOJA DE DOMICILIACI\u00d3N BANCARIA<\/a><\/p>\n<p><a class=\"download-link\" href=\"http:\/\/centresmolina.com\/centreensenyament\/files\/2024\/09\/EQUIPACIO-ESPORTIVA-24-25.docx_-1.pdf\">EQUIPACI\u00d3N DEPORTIVA 24-25<\/a><\/p>\n<p><a class=\"download-link\" href=\"http:\/\/centresmolina.com\/centreensenyament\/files\/2023\/07\/DOCUMENT-SERVEIS-GOOGLE-WORKSPACE-FOR-EDUCATION-DISSENY-GRAFIC.pdf\">DOCUMENTO SERVICIO GOOGLE WORKSPACE FOR EDUCATION-DISE\u00d1O GR\u00c1FICO<\/a><\/p>\n<p><a class=\"download-link\" href=\"http:\/\/centresmolina.com\/centreensenyament\/files\/2023\/07\/DECALEG-DE-PRACTIQUES-DEL-BON-US-PORTATIL-1.pdf\">DEC\u00c1LOGO DE PR\u00c1CTICAS DEL BUEN USO PORT\u00c1TIL<\/a><\/p>\n<p><a class=\"download-link\" href=\"http:\/\/centresmolina.com\/centreensenyament\/files\/2023\/07\/CONDICIONS-GENERALS.pdf\">CONDICIONES GENERALES<\/a><\/p>\n<p><a class=\"download-link\" href=\"http:\/\/centresmolina.com\/centreensenyament\/files\/2023\/07\/CLAUSULA-ALUMNOS-MENORES-2023-24.pdf\">CLAUSULA ALUMNOS MENORES 24-25<\/a><\/p>\n<p><a class=\"download-link\" href=\"http:\/\/centresmolina.com\/centreensenyament\/files\/2023\/07\/CLAUSULA-ALUMNOS-2023-24.pdf\">CLAUSULA ALUMNOS 24-25<\/a><\/p>\n<p><a class=\"download-link\" href=\"http:\/\/centresmolina.com\/centreensenyament\/files\/2023\/07\/CARTA-COMPROMIS-EDUCATIU.pdf\">CARTA COMPROMISO EDUCATIVO<\/a><\/p>\n<p><a class=\"download-link\" href=\"http:\/\/centresmolina.com\/centreensenyament\/files\/2023\/07\/AUTORITZACIO-TERCERES-PERSONES.pdf\">AUTORITZACI\u00d3N TERCERAS PERSONAS<\/a><\/p>\n<p><a class=\"download-link\" href=\"http:\/\/centresmolina.com\/centreensenyament\/files\/2023\/11\/Consentimiento-imagen-y-datos-por-parte-terceros.pdf\">AUTORITZACI\u00d3N IMAGEN Y DATOS PARA TERCEROS<\/a><\/p>\n<p><a class=\"download-link\" href=\"http:\/\/centresmolina.com\/centreensenyament\/files\/2024\/09\/AUTORITZACIO-SORTIDES-ESO-24-25.doc_-1.pdf\">AUTORITZACI\u00d3N SALIDAS ESO 24-25<\/a><\/p>\n<p><a class=\"download-link\" href=\"http:\/\/centresmolina.com\/centreensenyament\/files\/2024\/09\/AUTORITZACIO-SORTIDES-CFGM-24-25.doc_-1.pdf\">AUTORITZACI\u00d3N SALIDAS CFGM 24-25<\/a><\/p>\n<p><a class=\"download-link\" href=\"http:\/\/centresmolina.com\/centreensenyament\/files\/2023\/07\/AUTORITZACIO-SORTIDA-E.-FISICA-ALUMNES-ESO.pdf\">AUTORITZACI\u00d3N SALIDA E. F\u00cdSICA ALUMNADO ESO<\/a><\/p>\n<p><a class=\"download-link\" href=\"http:\/\/centresmolina.com\/centreensenyament\/files\/2023\/07\/AUTORITZACIO-MEDICA.pdf\">AUTORITZACI\u00d3N M\u00c8DICA<\/a><\/p>\n<p><a class=\"download-link\" href=\"http:\/\/centresmolina.com\/centreensenyament\/files\/2024\/09\/Autoritzacio-imatge-Generalitat.docx_.pdf\">AUTORIZACI\u00d3N IMAGEN GENERALITAT 24-25<\/a><\/p>\n<h2>Horario de la escuela<\/h2>\n<p>Independientemente del horario escolar de los alumnos, la secretar\u00eda de la escuela permanece abierta en el siguiente horario:<\/p>\n<ul class=\"custom-lista\">\n<li><span class=\"blau\">Lunes y mi\u00e9rcoles:<\/span> 9:00h &#8211; 13:00h \/ 15:00h &#8211; 21:00h<\/li>\n<li><span class=\"blau\">Martes y jueves:<\/span> 9:00h &#8211; 13:00h \/ 15:00h &#8211; 19:00h<\/li>\n<li><span class=\"blau\">Viernes:<\/span> 9:00h &#8211; 14:00h<\/li>\n<\/ul>\n<h2>Certificados<\/h2>\n<p><strong>Para solicitar alg\u00fan certificado, t\u00edtulo u otro documento es necesario cumplimentar la solicitud de certificado que encontrar\u00e9is en el documento adjunto que os facilitamos a continuaci\u00f3n<\/strong>. Una vez cumplimentado y firmado hay que entregarlo en la secretar\u00eda de la escuela. Para cualquier otro tr\u00e1mite pod\u00e9is contactar con nosotros y os facilitaremos m\u00e1s informaci\u00f3n.<\/p>\n<p><a class=\"download-link\" href=\"http:\/\/centresmolina.com\/centreensenyament\/files\/2014\/05\/Sol.licitut-certificat.pdf\">Solicitud de certificado<\/a><\/p>\n<p><a class=\"download-link\" href=\"http:\/\/centresmolina.com\/centreensenyament\/files\/2014\/05\/Autoritzaci\u00f3-lliurament-t\u00edtol.pdf\">Autorizaci\u00f3n del t\u00edtulo<\/a><\/p>\n<h2>Ayudas y becas<\/h2>\n<p>Como cada curso escolar, la Generalitat de Catalunya ofrece ayudas y becas dirigidas a familias y alumnos que cumplen unos requisitos determinados. <strong>Estas ayudas tienen plazos de tiempo determinados para presentar las solicitudes y cada curso pueden variar las condiciones, plazos y requisitos<\/strong>. Es por este motivo, que os indicamos directamente el enlace, para que consult\u00e9is, en cada caso, la ayuda o beca que os interese, con la informaci\u00f3n actualizada. Dentro de la web ten\u00e9is que consultar los apartados de Ayudas y Subvenciones y de Becas.<\/p>\n<p><a class=\"download-link\" href=\"https:\/\/www.edubcn.cat\/ca\/alumnat_i_familia\/ajuts_beques_i_subvencions\/ajuts_de_menjador_escolar\" target=\"_blank\" rel=\"noopener noreferrer\">Ajuts i Beques (Generalitat de Catalunya)<\/a><\/p>\n","protected":false},"excerpt":{"rendered":"<p>Preinscripciones y matr\u00edculas El proceso de preinscripci\u00f3n escolar para cursar ESO se anunciar\u00e1 pronto y termina con la formalizaci\u00f3n de&#8230;<\/p>\n","protected":false},"author":1,"featured_media":687,"parent":0,"menu_order":0,"comment_status":"open","ping_status":"open","template":"","meta":{"footnotes":""},"class_list":["post-18","page","type-page","status-publish","has-post-thumbnail","hentry"],"yoast_head":"<!-- This site is optimized with the Yoast SEO plugin v27.2 - https:\/\/yoast.com\/product\/yoast-seo-wordpress\/ -->\n<title>Secretar\u00eda - Centros de ense\u00f1anza<\/title>\n<meta name=\"robots\" content=\"index, follow, max-snippet:-1, max-image-preview:large, max-video-preview:-1\" \/>\n<link rel=\"canonical\" href=\"https:\/\/centresmolina.com\/centreensenyament\/es\/secretaria\/\" \/>\n<meta property=\"og:locale\" content=\"es_ES\" \/>\n<meta property=\"og:type\" content=\"article\" \/>\n<meta property=\"og:title\" content=\"Secretar\u00eda - Centros de ense\u00f1anza\" \/>\n<meta property=\"og:description\" content=\"Preinscripciones y matr\u00edculas El proceso de preinscripci\u00f3n escolar para cursar ESO se anunciar\u00e1 pronto y termina con la formalizaci\u00f3n de...\" \/>\n<meta property=\"og:url\" content=\"https:\/\/centresmolina.com\/centreensenyament\/es\/secretaria\/\" \/>\n<meta property=\"og:site_name\" content=\"Centros de ense\u00f1anza\" \/>\n<meta property=\"article:modified_time\" content=\"2025-09-09T07:30:52+00:00\" \/>\n<meta property=\"og:image\" content=\"http:\/\/centresmolina.com\/centreensenyament\/files\/2014\/05\/secretaria.jpg\" \/>\n\t<meta property=\"og:image:width\" content=\"674\" \/>\n\t<meta property=\"og:image:height\" content=\"333\" \/>\n\t<meta property=\"og:image:type\" content=\"image\/jpeg\" \/>\n<meta name=\"twitter:label1\" content=\"Tiempo de lectura\" \/>\n\t<meta name=\"twitter:data1\" content=\"3 minutos\" \/>\n<script type=\"application\/ld+json\" class=\"yoast-schema-graph\">{\"@context\":\"https:\/\/schema.org\",\"@graph\":[{\"@type\":\"WebPage\",\"@id\":\"https:\/\/centresmolina.com\/centreensenyament\/es\/secretaria\/\",\"url\":\"https:\/\/centresmolina.com\/centreensenyament\/es\/secretaria\/\",\"name\":\"Secretar\u00eda - Centros de ense\u00f1anza\",\"isPartOf\":{\"@id\":\"https:\/\/centresmolina.com\/centreensenyament\/#website\"},\"primaryImageOfPage\":{\"@id\":\"https:\/\/centresmolina.com\/centreensenyament\/es\/secretaria\/#primaryimage\"},\"image\":{\"@id\":\"https:\/\/centresmolina.com\/centreensenyament\/es\/secretaria\/#primaryimage\"},\"thumbnailUrl\":\"https:\/\/centresmolina.com\/centreensenyament\/files\/2014\/05\/secretaria.jpg\",\"datePublished\":\"2014-05-13T09:35:38+00:00\",\"dateModified\":\"2025-09-09T07:30:52+00:00\",\"breadcrumb\":{\"@id\":\"https:\/\/centresmolina.com\/centreensenyament\/es\/secretaria\/#breadcrumb\"},\"inLanguage\":\"es\",\"potentialAction\":[{\"@type\":\"ReadAction\",\"target\":[\"https:\/\/centresmolina.com\/centreensenyament\/es\/secretaria\/\"]}]},{\"@type\":\"ImageObject\",\"inLanguage\":\"es\",\"@id\":\"https:\/\/centresmolina.com\/centreensenyament\/es\/secretaria\/#primaryimage\",\"url\":\"https:\/\/centresmolina.com\/centreensenyament\/files\/2014\/05\/secretaria.jpg\",\"contentUrl\":\"https:\/\/centresmolina.com\/centreensenyament\/files\/2014\/05\/secretaria.jpg\",\"width\":674,\"height\":333},{\"@type\":\"BreadcrumbList\",\"@id\":\"https:\/\/centresmolina.com\/centreensenyament\/es\/secretaria\/#breadcrumb\",\"itemListElement\":[{\"@type\":\"ListItem\",\"position\":1,\"name\":\"Portada\",\"item\":\"https:\/\/centresmolina.com\/centreensenyament\/es\/\"},{\"@type\":\"ListItem\",\"position\":2,\"name\":\"Secretar\u00eda\"}]},{\"@type\":\"WebSite\",\"@id\":\"https:\/\/centresmolina.com\/centreensenyament\/#website\",\"url\":\"https:\/\/centresmolina.com\/centreensenyament\/\",\"name\":\"Centros de ense\u00f1anza\",\"description\":\"Centres Molina - Centros de ense\u00f1anza\",\"potentialAction\":[{\"@type\":\"SearchAction\",\"target\":{\"@type\":\"EntryPoint\",\"urlTemplate\":\"https:\/\/centresmolina.com\/centreensenyament\/?s={search_term_string}\"},\"query-input\":{\"@type\":\"PropertyValueSpecification\",\"valueRequired\":true,\"valueName\":\"search_term_string\"}}],\"inLanguage\":\"es\"}]}<\/script>\n<!-- \/ Yoast SEO plugin. -->","yoast_head_json":{"title":"Secretar\u00eda - Centros de ense\u00f1anza","robots":{"index":"index","follow":"follow","max-snippet":"max-snippet:-1","max-image-preview":"max-image-preview:large","max-video-preview":"max-video-preview:-1"},"canonical":"https:\/\/centresmolina.com\/centreensenyament\/es\/secretaria\/","og_locale":"es_ES","og_type":"article","og_title":"Secretar\u00eda - Centros de ense\u00f1anza","og_description":"Preinscripciones y matr\u00edculas El proceso de preinscripci\u00f3n escolar para cursar ESO se anunciar\u00e1 pronto y termina con la formalizaci\u00f3n de...","og_url":"https:\/\/centresmolina.com\/centreensenyament\/es\/secretaria\/","og_site_name":"Centros de ense\u00f1anza","article_modified_time":"2025-09-09T07:30:52+00:00","og_image":[{"width":674,"height":333,"url":"http:\/\/centresmolina.com\/centreensenyament\/files\/2014\/05\/secretaria.jpg","type":"image\/jpeg"}],"twitter_misc":{"Tiempo de lectura":"3 minutos"},"schema":{"@context":"https:\/\/schema.org","@graph":[{"@type":"WebPage","@id":"https:\/\/centresmolina.com\/centreensenyament\/es\/secretaria\/","url":"https:\/\/centresmolina.com\/centreensenyament\/es\/secretaria\/","name":"Secretar\u00eda - Centros de ense\u00f1anza","isPartOf":{"@id":"https:\/\/centresmolina.com\/centreensenyament\/#website"},"primaryImageOfPage":{"@id":"https:\/\/centresmolina.com\/centreensenyament\/es\/secretaria\/#primaryimage"},"image":{"@id":"https:\/\/centresmolina.com\/centreensenyament\/es\/secretaria\/#primaryimage"},"thumbnailUrl":"https:\/\/centresmolina.com\/centreensenyament\/files\/2014\/05\/secretaria.jpg","datePublished":"2014-05-13T09:35:38+00:00","dateModified":"2025-09-09T07:30:52+00:00","breadcrumb":{"@id":"https:\/\/centresmolina.com\/centreensenyament\/es\/secretaria\/#breadcrumb"},"inLanguage":"es","potentialAction":[{"@type":"ReadAction","target":["https:\/\/centresmolina.com\/centreensenyament\/es\/secretaria\/"]}]},{"@type":"ImageObject","inLanguage":"es","@id":"https:\/\/centresmolina.com\/centreensenyament\/es\/secretaria\/#primaryimage","url":"https:\/\/centresmolina.com\/centreensenyament\/files\/2014\/05\/secretaria.jpg","contentUrl":"https:\/\/centresmolina.com\/centreensenyament\/files\/2014\/05\/secretaria.jpg","width":674,"height":333},{"@type":"BreadcrumbList","@id":"https:\/\/centresmolina.com\/centreensenyament\/es\/secretaria\/#breadcrumb","itemListElement":[{"@type":"ListItem","position":1,"name":"Portada","item":"https:\/\/centresmolina.com\/centreensenyament\/es\/"},{"@type":"ListItem","position":2,"name":"Secretar\u00eda"}]},{"@type":"WebSite","@id":"https:\/\/centresmolina.com\/centreensenyament\/#website","url":"https:\/\/centresmolina.com\/centreensenyament\/","name":"Centros de ense\u00f1anza","description":"Centres Molina - Centros de ense\u00f1anza","potentialAction":[{"@type":"SearchAction","target":{"@type":"EntryPoint","urlTemplate":"https:\/\/centresmolina.com\/centreensenyament\/?s={search_term_string}"},"query-input":{"@type":"PropertyValueSpecification","valueRequired":true,"valueName":"search_term_string"}}],"inLanguage":"es"}]}},"_links":{"self":[{"href":"https:\/\/centresmolina.com\/centreensenyament\/es\/wp-json\/wp\/v2\/pages\/18\/"}],"collection":[{"href":"https:\/\/centresmolina.com\/centreensenyament\/es\/wp-json\/wp\/v2\/pages\/"}],"about":[{"href":"https:\/\/centresmolina.com\/centreensenyament\/es\/wp-json\/wp\/v2\/types\/page\/"}],"author":[{"embeddable":true,"href":"https:\/\/centresmolina.com\/centreensenyament\/es\/wp-json\/wp\/v2\/users\/1\/"}],"replies":[{"embeddable":true,"href":"https:\/\/centresmolina.com\/centreensenyament\/es\/wp-json\/wp\/v2\/comments\/?post=18"}],"version-history":[{"count":194,"href":"https:\/\/centresmolina.com\/centreensenyament\/es\/wp-json\/wp\/v2\/pages\/18\/revisions\/"}],"predecessor-version":[{"id":21551,"href":"https:\/\/centresmolina.com\/centreensenyament\/es\/wp-json\/wp\/v2\/pages\/18\/revisions\/21551\/"}],"wp:featuredmedia":[{"embeddable":true,"href":"https:\/\/centresmolina.com\/centreensenyament\/es\/wp-json\/wp\/v2\/media\/687\/"}],"wp:attachment":[{"href":"https:\/\/centresmolina.com\/centreensenyament\/es\/wp-json\/wp\/v2\/media\/?parent=18"}],"curies":[{"name":"wp","href":"https:\/\/api.w.org\/{rel}","templated":true}]}}