{"id":200,"date":"2014-06-05T14:06:05","date_gmt":"2014-06-05T14:06:05","guid":{"rendered":"http:\/\/centresmolina.com\/centreensenyament\/?page_id=200"},"modified":"2015-03-11T14:36:21","modified_gmt":"2015-03-11T14:36:21","slug":"200-2","status":"publish","type":"page","link":"https:\/\/centresmolina.com\/centreensenyament\/","title":{"rendered":"Home"},"content":{"rendered":"<div id=\"pl-200\"  class=\"panel-layout\" ><div id=\"pg-200-0\"  class=\"panel-grid panel-no-style\" ><div id=\"pgc-200-0-0\"  class=\"panel-grid-cell\" ><div id=\"panel-200-0-0-0\" class=\"so-panel widget widget_black-studio-tinymce widget_black_studio_tinymce panel-first-child panel-last-child\" data-index=\"0\" ><div class=\"textwidget\"><div class=\"duescolumnes blava\">\n<div class=\"columnacont\" data-iguala=\"1\">\n<h1>APROPA'T<br \/><span class=\"super\">A L'ESCOLA<\/span><\/h1>\n<p><strong>L'ESCOLA MOLINA <\/strong>\u00e9s un centre amb una tradici\u00f3 d'ensenyament acurat i un estil educatiu personalitzat, on els estudiants s\u00f3n els aut\u00e8ntics protagonistes.<\/p>\n<p>Vine a con\u00e8ixer el nostre equip hum\u00e0 format per grans professionals i amb una llarga i s\u00f2lida\u00a0experi\u00e8ncia educativa.<\/p>\n<ul>\n<li><strong><a href=\"http:\/\/centresmolina.com\/centreensenyament\/ca\/oferta-educativa\/\">Oferta educativa<\/a><\/strong><\/li>\n<li><strong><a href=\"http:\/\/centresmolina.com\/centreensenyament\/ca\/serveis\/#soporte-especial\">Suport a l'educaci\u00f3 especial<\/a><\/strong><\/li>\n<li><strong><a href=\"http:\/\/centresmolina.com\/centreensenyament\/ca\/serveis\/#actividades-extraescolares\">Activitats\u00a0extraescolars<\/a><\/strong><\/li>\n<\/ul>\n<\/div>\n<\/div>\n<div class=\"duescolumnes blavafosc\">\n<div class=\"columnacont\" data-iguala=\"1\">\n<h1>ACCI\u00d3<br \/><span class=\"super\">TUTORIAL<\/span><\/h1>\n<p><a href=\"http:\/\/centresmolina.com\/centreensenyament\/files\/2014\/06\/accio-tutorial.jpg\"><img loading=\"lazy\" decoding=\"async\" class=\"alignnone size-full wp-image-718\" src=\"http:\/\/centresmolina.com\/centreensenyament\/files\/2014\/06\/accio-tutorial.jpg\" alt=\"accio tutorial\" width=\"1330\" height=\"885\" data-id=\"718\" srcset=\"https:\/\/centresmolina.com\/centreensenyament\/files\/2014\/06\/accio-tutorial.jpg 1330w, https:\/\/centresmolina.com\/centreensenyament\/files\/2014\/06\/accio-tutorial-300x200.jpg 300w, https:\/\/centresmolina.com\/centreensenyament\/files\/2014\/06\/accio-tutorial-1024x681.jpg 1024w\" sizes=\"auto, (max-width: 1330px) 100vw, 1330px\" \/><\/a><\/p>\n<p>Valorem de forma significativa el<strong> seguiment i acompanyament dels alumnes. <\/strong>Disposem d'un departament d'orientaci\u00f3, responsable d'impulsar l'acci\u00f3 tutorial i de coordinar l'orientaci\u00f3 escolar dels alumnes.<\/p>\n<p><a class=\"boto\" href=\"http:\/\/centresmolina.com\/centreensenyament\/ca\/accio-tutorial-diversitat\/\">M\u00e9s info<\/a><\/p>\n<\/div>\n<\/div>\n<div class=\"clear\">\u00a0<\/div>\n<\/div><\/div><\/div><\/div><div id=\"pg-200-1\"  class=\"panel-grid panel-no-style\" ><div id=\"pgc-200-1-0\"  class=\"panel-grid-cell\" ><div id=\"panel-200-1-0-0\" class=\"so-panel widget widget_black-studio-tinymce widget_black_studio_tinymce panel-first-child panel-last-child\" data-index=\"1\" ><div class=\"textwidget\"><h2>\u00daltimes Not\u00edcies<\/h2>\n<p><div class=\"entradaNoticia\" data-iguala=\"10\"><h3>PREINSCRIPCI\u00d3 CFGM CURS 2026-2027<\/h3><span class=\"data\">06\/04\/2026<\/span><div class=\"snap-bg-attachment\" style=\"background-image:url(https:\/\/centresmolina.com\/centreensenyament\/files\/2026\/03\/CURS-2026-2027-Preinscripcio-CFGM-portada-2-300x171.png);\"><\/div><p>El Departament d\u2019Educaci\u00f3 de la Generalitat ja ha publicat les dates de preinscripci\u00f3 escolar per al curs 2026-2027. Aquest any...<\/p><a href=\"https:\/\/centresmolina.com\/centreensenyament\/2026\/04\/06\/preinscripcio-cfgm\/\" class=\"boto\">Llegir m\u00e9s...<\/a><hr\/><\/div><div class=\"entradaNoticia\" data-iguala=\"10\"><h3>Pr\u00e0ctiques de Laboratori ESO3<\/h3><span class=\"data\">01\/04\/2026<\/span><div class=\"snap-bg-attachment\" style=\"background-image:url(https:\/\/centresmolina.com\/centreensenyament\/files\/2026\/04\/20260129_161626-300x135.jpg);\"><\/div><p>L&#8217;alumnat d&#8217;ESO3 aquest curs, estudia l&#8217;assignatura optativa de Pr\u00e0ctiques de Laboratori. Hem realitzat pr\u00e0ctiques de Biologia i Qu\u00edmica relacionades amb...<\/p><a href=\"https:\/\/centresmolina.com\/centreensenyament\/2026\/04\/01\/practiques-de-laboratori-eso3-2\/\" class=\"boto\">Llegir m\u00e9s...<\/a><hr\/><\/div><div class=\"entradaNoticia\" data-iguala=\"10\"><h3>SERVEI COMUNITARI ESO4<\/h3><span class=\"data\">29\/03\/2026<\/span><div class=\"snap-bg-attachment\" style=\"background-image:url(https:\/\/centresmolina.com\/centreensenyament\/files\/2026\/03\/IMG_6542-1-300x225.jpg);\"><\/div><p>El 16 de gener, l&#8217;alumnat d&#8217;ESO4 va comen\u00e7at la pr\u00e0ctica del Servei Comunitari. El Servei Comunitari per a l\u2019alumnat de...<\/p><a href=\"https:\/\/centresmolina.com\/centreensenyament\/2026\/03\/29\/servei-comunitari-eso4-2\/\" class=\"boto\">Llegir m\u00e9s...<\/a><hr\/><\/div><div class=\"entradaNoticia\" data-iguala=\"10\"><h3>Projecte musical a 1r d&#8217;ESO i xerrades de la Gu\u00e0rdia Urbana<\/h3><span class=\"data\">19\/03\/2026<\/span><div class=\"snap-bg-attachment\" style=\"background-image:url(https:\/\/centresmolina.com\/centreensenyament\/files\/2026\/03\/Our-instruments-01-300x169.jpg);\"><\/div><p>Aquesta setmana a l\u2019escola hem tingut dues iniciatives molt interessants que mostren com l\u2019aprenentatge pot anar molt m\u00e9s enll\u00e0 de...<\/p><a href=\"https:\/\/centresmolina.com\/centreensenyament\/2026\/03\/19\/projecte-musical-a-1r-deso-i-xerrades-de-la-guardia-urbana\/\" class=\"boto\">Llegir m\u00e9s...<\/a><hr\/><\/div><div class=\"entradaNoticia\" data-iguala=\"10\"><h3>PREINSCRIPCI\u00d3 i PORTES OBERTES ESO CURS 2026-2027<\/h3><span class=\"data\">13\/03\/2026<\/span><div class=\"snap-bg-attachment\" style=\"background-image:url(https:\/\/centresmolina.com\/centreensenyament\/files\/2026\/02\/J.P.O-26-27-169-2-300x225.png);\"><\/div><p>El Departament d\u2019Educaci\u00f3 de la Generalitat ja ha publicat les dates de preinscripci\u00f3 escolar per al curs 2026-2027. Aquest any...<\/p><a href=\"https:\/\/centresmolina.com\/centreensenyament\/2026\/03\/13\/preinscripcio-eso-curs-2026-2027\/\" class=\"boto\">Llegir m\u00e9s...<\/a><hr\/><\/div><div class=\"entradaNoticia\" data-iguala=\"10\"><h3>1r d&#8217;ESO, sortida i tallers<\/h3><span class=\"data\">13\/03\/2026<\/span><div class=\"snap-bg-attachment\" style=\"background-image:url(https:\/\/centresmolina.com\/centreensenyament\/files\/2026\/03\/Minecraft-300x193.jpg);\"><\/div><p>El grup de 1r d&#8217;ESO ha tingut una setmana diferent ja que han dut a terme una activitat al Caixaforum...<\/p><a href=\"https:\/\/centresmolina.com\/centreensenyament\/2026\/03\/13\/1r-deso-sortida-i-tallers\/\" class=\"boto\">Llegir m\u00e9s...<\/a><hr\/><\/div><\/p>\n<\/div><\/div><\/div><\/div><\/div>","protected":false},"excerpt":{"rendered":"<p>APROPA&#8217;TA L&#8217;ESCOLAL&#8217;ESCOLA MOLINA \u00e9s un centre amb una tradici\u00f3 d&#8217;ensenyament acurat i un estil educatiu personalitzat, on els estudiants s\u00f3n&#8230;<\/p>\n","protected":false},"author":1,"featured_media":0,"parent":0,"menu_order":0,"comment_status":"closed","ping_status":"closed","template":"","meta":{"footnotes":""},"class_list":["post-200","page","type-page","status-publish","hentry"],"yoast_head":"<!-- This site is optimized with the Yoast SEO plugin v27.2 - https:\/\/yoast.com\/product\/yoast-seo-wordpress\/ -->\n<title>Home - Centros de ense\u00f1anza<\/title>\n<meta name=\"robots\" content=\"index, follow, max-snippet:-1, max-image-preview:large, max-video-preview:-1\" \/>\n<link rel=\"canonical\" href=\"https:\/\/centresmolina.com\/centreensenyament\/\" \/>\n<meta property=\"og:locale\" content=\"ca_ES\" \/>\n<meta property=\"og:type\" content=\"article\" \/>\n<meta property=\"og:title\" content=\"Home - Centros de ense\u00f1anza\" \/>\n<meta property=\"og:description\" content=\"APROPA&#039;TA L&#039;ESCOLAL&#039;ESCOLA MOLINA \u00e9s un centre amb una tradici\u00f3 d&#039;ensenyament acurat i un estil educatiu personalitzat, on els estudiants s\u00f3n...\" \/>\n<meta property=\"og:url\" content=\"https:\/\/centresmolina.com\/centreensenyament\/\" \/>\n<meta property=\"og:site_name\" content=\"Centros de ense\u00f1anza\" \/>\n<meta property=\"article:modified_time\" content=\"2015-03-11T14:36:21+00:00\" \/>\n<meta property=\"og:image\" content=\"http:\/\/centresmolina.com\/centreensenyament\/files\/2014\/06\/accio-tutorial.jpg\" \/>\n<script type=\"application\/ld+json\" class=\"yoast-schema-graph\">{\"@context\":\"https:\/\/schema.org\",\"@graph\":[{\"@type\":\"WebPage\",\"@id\":\"https:\/\/centresmolina.com\/centreensenyament\/\",\"url\":\"https:\/\/centresmolina.com\/centreensenyament\/\",\"name\":\"Home - Centros de ense\u00f1anza\",\"isPartOf\":{\"@id\":\"https:\/\/centresmolina.com\/centreensenyament\/#website\"},\"primaryImageOfPage\":{\"@id\":\"https:\/\/centresmolina.com\/centreensenyament\/#primaryimage\"},\"image\":{\"@id\":\"https:\/\/centresmolina.com\/centreensenyament\/#primaryimage\"},\"thumbnailUrl\":\"http:\/\/centresmolina.com\/centreensenyament\/files\/2014\/06\/accio-tutorial.jpg\",\"datePublished\":\"2014-06-05T14:06:05+00:00\",\"dateModified\":\"2015-03-11T14:36:21+00:00\",\"breadcrumb\":{\"@id\":\"https:\/\/centresmolina.com\/centreensenyament\/#breadcrumb\"},\"inLanguage\":\"ca\",\"potentialAction\":[{\"@type\":\"ReadAction\",\"target\":[\"https:\/\/centresmolina.com\/centreensenyament\/\"]}]},{\"@type\":\"ImageObject\",\"inLanguage\":\"ca\",\"@id\":\"https:\/\/centresmolina.com\/centreensenyament\/#primaryimage\",\"url\":\"https:\/\/centresmolina.com\/centreensenyament\/files\/2014\/06\/accio-tutorial.jpg\",\"contentUrl\":\"https:\/\/centresmolina.com\/centreensenyament\/files\/2014\/06\/accio-tutorial.jpg\",\"width\":1330,\"height\":885},{\"@type\":\"BreadcrumbList\",\"@id\":\"https:\/\/centresmolina.com\/centreensenyament\/#breadcrumb\",\"itemListElement\":[{\"@type\":\"ListItem\",\"position\":1,\"name\":\"Portada\",\"item\":\"https:\/\/centresmolina.com\/centreensenyament\/\"},{\"@type\":\"ListItem\",\"position\":2,\"name\":\"Home\"}]},{\"@type\":\"WebSite\",\"@id\":\"https:\/\/centresmolina.com\/centreensenyament\/#website\",\"url\":\"https:\/\/centresmolina.com\/centreensenyament\/\",\"name\":\"Centros de ense\u00f1anza\",\"description\":\"Centres Molina - Centros de ense\u00f1anza\",\"potentialAction\":[{\"@type\":\"SearchAction\",\"target\":{\"@type\":\"EntryPoint\",\"urlTemplate\":\"https:\/\/centresmolina.com\/centreensenyament\/?s={search_term_string}\"},\"query-input\":{\"@type\":\"PropertyValueSpecification\",\"valueRequired\":true,\"valueName\":\"search_term_string\"}}],\"inLanguage\":\"ca\"}]}<\/script>\n<!-- \/ Yoast SEO plugin. -->","yoast_head_json":{"title":"Home - Centros de ense\u00f1anza","robots":{"index":"index","follow":"follow","max-snippet":"max-snippet:-1","max-image-preview":"max-image-preview:large","max-video-preview":"max-video-preview:-1"},"canonical":"https:\/\/centresmolina.com\/centreensenyament\/","og_locale":"ca_ES","og_type":"article","og_title":"Home - Centros de ense\u00f1anza","og_description":"APROPA'TA L'ESCOLAL'ESCOLA MOLINA \u00e9s un centre amb una tradici\u00f3 d'ensenyament acurat i un estil educatiu personalitzat, on els estudiants s\u00f3n...","og_url":"https:\/\/centresmolina.com\/centreensenyament\/","og_site_name":"Centros de ense\u00f1anza","article_modified_time":"2015-03-11T14:36:21+00:00","og_image":[{"url":"http:\/\/centresmolina.com\/centreensenyament\/files\/2014\/06\/accio-tutorial.jpg","type":"","width":"","height":""}],"schema":{"@context":"https:\/\/schema.org","@graph":[{"@type":"WebPage","@id":"https:\/\/centresmolina.com\/centreensenyament\/","url":"https:\/\/centresmolina.com\/centreensenyament\/","name":"Home - Centros de ense\u00f1anza","isPartOf":{"@id":"https:\/\/centresmolina.com\/centreensenyament\/#website"},"primaryImageOfPage":{"@id":"https:\/\/centresmolina.com\/centreensenyament\/#primaryimage"},"image":{"@id":"https:\/\/centresmolina.com\/centreensenyament\/#primaryimage"},"thumbnailUrl":"http:\/\/centresmolina.com\/centreensenyament\/files\/2014\/06\/accio-tutorial.jpg","datePublished":"2014-06-05T14:06:05+00:00","dateModified":"2015-03-11T14:36:21+00:00","breadcrumb":{"@id":"https:\/\/centresmolina.com\/centreensenyament\/#breadcrumb"},"inLanguage":"ca","potentialAction":[{"@type":"ReadAction","target":["https:\/\/centresmolina.com\/centreensenyament\/"]}]},{"@type":"ImageObject","inLanguage":"ca","@id":"https:\/\/centresmolina.com\/centreensenyament\/#primaryimage","url":"https:\/\/centresmolina.com\/centreensenyament\/files\/2014\/06\/accio-tutorial.jpg","contentUrl":"https:\/\/centresmolina.com\/centreensenyament\/files\/2014\/06\/accio-tutorial.jpg","width":1330,"height":885},{"@type":"BreadcrumbList","@id":"https:\/\/centresmolina.com\/centreensenyament\/#breadcrumb","itemListElement":[{"@type":"ListItem","position":1,"name":"Portada","item":"https:\/\/centresmolina.com\/centreensenyament\/"},{"@type":"ListItem","position":2,"name":"Home"}]},{"@type":"WebSite","@id":"https:\/\/centresmolina.com\/centreensenyament\/#website","url":"https:\/\/centresmolina.com\/centreensenyament\/","name":"Centros de ense\u00f1anza","description":"Centres Molina - Centros de ense\u00f1anza","potentialAction":[{"@type":"SearchAction","target":{"@type":"EntryPoint","urlTemplate":"https:\/\/centresmolina.com\/centreensenyament\/?s={search_term_string}"},"query-input":{"@type":"PropertyValueSpecification","valueRequired":true,"valueName":"search_term_string"}}],"inLanguage":"ca"}]}},"_links":{"self":[{"href":"https:\/\/centresmolina.com\/centreensenyament\/wp-json\/wp\/v2\/pages\/200","targetHints":{"allow":["GET"]}}],"collection":[{"href":"https:\/\/centresmolina.com\/centreensenyament\/wp-json\/wp\/v2\/pages"}],"about":[{"href":"https:\/\/centresmolina.com\/centreensenyament\/wp-json\/wp\/v2\/types\/page"}],"author":[{"embeddable":true,"href":"https:\/\/centresmolina.com\/centreensenyament\/wp-json\/wp\/v2\/users\/1"}],"replies":[{"embeddable":true,"href":"https:\/\/centresmolina.com\/centreensenyament\/wp-json\/wp\/v2\/comments?post=200"}],"version-history":[{"count":14,"href":"https:\/\/centresmolina.com\/centreensenyament\/wp-json\/wp\/v2\/pages\/200\/revisions"}],"predecessor-version":[{"id":883,"href":"https:\/\/centresmolina.com\/centreensenyament\/wp-json\/wp\/v2\/pages\/200\/revisions\/883"}],"wp:attachment":[{"href":"https:\/\/centresmolina.com\/centreensenyament\/wp-json\/wp\/v2\/media?parent=200"}],"curies":[{"name":"wp","href":"https:\/\/api.w.org\/{rel}","templated":true}]}}