{"id":310,"date":"2014-06-20T11:07:51","date_gmt":"2014-06-20T11:07:51","guid":{"rendered":"http:\/\/centresmolina.com\/centreensenyament\/?page_id=310"},"modified":"2025-10-16T16:43:10","modified_gmt":"2025-10-16T16:43:10","slug":"nosaltres","status":"publish","type":"page","link":"https:\/\/centresmolina.com\/centreensenyament\/nosaltres\/","title":{"rendered":"Nosaltres"},"content":{"rendered":"<div id=\"pl-310\"  class=\"panel-layout\" ><div id=\"pg-310-0\"  class=\"panel-grid panel-has-style\" ><div class=\"fonsblanc panel-row-style panel-row-style-for-310-0\" ><div id=\"pgc-310-0-0\"  class=\"panel-grid-cell\" ><div id=\"panel-310-0-0-0\" class=\"so-panel widget widget_black-studio-tinymce widget_black_studio_tinymce panel-first-child panel-last-child\" data-index=\"0\" ><div class=\"textwidget\"><div id=\"equipo-humano\" class=\"columnacont\"><a href=\"http:\/\/centresmolina.com\/centreensenyament\/files\/2014\/05\/equip-directiu.jpg\"><img loading=\"lazy\" decoding=\"async\" class=\"alignnone wp-image-721 size-full\" src=\"http:\/\/centresmolina.com\/centreensenyament\/files\/2014\/05\/equip-directiu.jpg\" alt=\"\" width=\"1400\" height=\"575\" data-id=\"650\" srcset=\"https:\/\/centresmolina.com\/centreensenyament\/files\/2014\/05\/equip-directiu.jpg 1400w, https:\/\/centresmolina.com\/centreensenyament\/files\/2014\/05\/equip-directiu-300x123.jpg 300w, https:\/\/centresmolina.com\/centreensenyament\/files\/2014\/05\/equip-directiu-1024x421.jpg 1024w\" sizes=\"auto, (max-width: 1400px) 100vw, 1400px\" \/><\/a><\/div><\/div><\/div><\/div><div id=\"pgc-310-0-1\"  class=\"panel-grid-cell\" ><div id=\"panel-310-0-1-0\" class=\"so-panel widget widget_black-studio-tinymce widget_black_studio_tinymce panel-first-child panel-last-child\" data-index=\"1\" ><div class=\"textwidget\"><div class=\"columnacont\">\n<p>L'any 1960, a Barcelona, la Sra. Leonor Garuz Blanco fund\u00e0 l'<strong><span class=\"blau\">ACAD\u00c8MIA MOLINA<\/span><\/strong> al barri d'Hostafrancs.<\/p>\n<p>Aquest centre va n\u00e9ixer amb la finalitat d'impartir els nivells educatius que hi havia aleshores, des del Parvulari fins al Baxillerat Elemental i el Comer\u00e7 Pr\u00e0ctic.<\/p>\n<p>Els comen\u00e7aments dif\u00edcils, es van anar superant amb esfor\u00e7 i dedicaci\u00f3 i amb el recolzament\u00a0 de la seva fam\u00edlia.<\/p>\n<p>L'any 1964\u00a0continu\u00e0 amb nous espais al barri de la Guineueta (Nou Barris), on es van fixar els pilars d'una Escola que continuaria fins els nostres dies.<\/p>\n<\/div>\n<\/div><\/div><\/div><\/div><\/div><div id=\"pg-310-1\"  class=\"panel-grid panel-has-style\" ><div class=\"fonsblau panel-row-style panel-row-style-for-310-1\" ><div id=\"pgc-310-1-0\"  class=\"panel-grid-cell\" ><div id=\"panel-310-1-0-0\" class=\"so-panel widget widget_black-studio-tinymce widget_black_studio_tinymce panel-first-child panel-last-child\" data-index=\"2\" ><div class=\"textwidget\"><div class=\"columnacont\">\n<h1>Equip Hum\u00e0<\/h1>\n<p><strong>DIRECCI\u00d3<\/strong><br \/>\nCarolina Molina Garcia<\/p>\n<p><strong>CAP D'ESTUDIS<\/strong><br \/>\nMarissa Cerezo Serrat<\/p>\n<p><strong>TUTORIES<\/strong><br \/>\n1r. E.S.O: Roser Chinch\u00f3 Entrambasaguas<\/p>\n<p>2n. E.S.O: N\u00faria D\u00edaz Miranda<\/p>\n<p>3r. E.S.O: Rosa Carn\u00e9 Arnau<\/p>\n<p>4t. E.S.O: Eva Mas\u00f3 Amor\u00f3s<\/p>\n<p>CFGM Gesti\u00f3 administrativa: Rosal\u00eda Hidalgo Pena<\/p>\n<p><em>Totes les visites de Tutoria seran concertades pr\u00e8viament via l'app Alexia o telef\u00f2nicament.<\/em><\/div>\n<\/div><\/div><\/div><div id=\"pgc-310-1-1\"  class=\"panel-grid-cell\" ><div id=\"panel-310-1-1-0\" class=\"so-panel widget widget_black-studio-tinymce widget_black_studio_tinymce panel-first-child panel-last-child\" data-index=\"3\" ><div class=\"textwidget\"><div class=\"columnacont\">\n<p><strong>GABINET PSICOPEDAG\u00d2GIC:<\/strong><br \/>\nMarissa Cerezo Serrat (Psic\u00f2loga)<br \/>\nN\u00faria D\u00edaz Miranda (Pedagoga)<\/p>\n<p><strong>GABINET DE SALUT I ATENCI\u00d3 A LA FAM\u00cdLIA:<\/strong><br \/>\nRoser Chinch\u00f3 Entrambasaguas<\/p>\n<p><strong>SECRETARIA<\/strong><br \/>\nClara Sabadell Trueba<\/p>\n<p><strong>ADMINISTRACI\u00d3<\/strong><br \/>\nEmi Mart\u00ednez Garrido<\/p>\n<p><strong>NETEJA I MANTENIMENT<\/strong><br \/>\nH\u00e9ctor W. Hidalgo Flores<\/p>\n<p><strong>ALTRES<\/strong><br \/>\nSERVEI M\u00c8DIC (Accidents): FERMA<\/p>\n<p>EL CENTRE DISPOSA D'ATENCI\u00d3 PSICOPEDAG\u00d2GICA, A LA SALUT I A LA FAM\u00cdLIA.<\/p>\n<\/div>\n<\/div><\/div><\/div><div id=\"pgc-310-1-2\"  class=\"panel-grid-cell\" ><div id=\"panel-310-1-2-0\" class=\"so-panel widget widget_black-studio-tinymce widget_black_studio_tinymce panel-first-child panel-last-child\" data-index=\"4\" ><div class=\"textwidget\"><p><strong>PROFESSORAT:<\/strong><br \/>\nAida Go\u00f1i Lasheras<br \/>\nBenito Melero Ochoa<br \/>\nCarla Valero Segu<br \/>\nCarolina Molina Garcia<br \/>\nEduard P\u00e9rez L\u00f3pez<br \/>\nEli Kroijenga Rosell<br \/>\nEva Mas\u00f3 Amor\u00f3s<br \/>\nFrank Arguijo Gala<br \/>\nHelena Salda\u00f1a Lorca<br \/>\nJacqueline Roso<br \/>\nM\u00aa Eugenia Caboz Gouveia<br \/>\nMario Gese Aperte<br \/>\nMarissa Cerezo Serrat<br \/>\nMark O'Sullivan<br \/>\nN\u00faria D\u00edaz Miranda<br \/>\nRosa Carn\u00e9 Arnau<br \/>\nRosal\u00eda Hidalgo Pena<br \/>\nRoser Chinch\u00f3 Entrambasaguas<br \/>\nVidal Bosqued P\u00e9rez<br \/>\nXavi Ballarin Calzada<\/p>\n<\/div><\/div><\/div><\/div><\/div><div id=\"pg-310-2\"  class=\"panel-grid panel-has-style\" ><div class=\"nopadding panel-row-style panel-row-style-for-310-2\" ><div id=\"pgc-310-2-0\"  class=\"panel-grid-cell\" ><div id=\"panel-310-2-0-0\" class=\"so-panel widget widget_black-studio-tinymce widget_black_studio_tinymce panel-first-child panel-last-child\" data-index=\"5\" ><div class=\"textwidget\"><p><a href=\"http:\/\/centresmolina.com\/centreensenyament\/files\/2014\/05\/nosaltres_4.jpg\"><img loading=\"lazy\" decoding=\"async\" class=\"imatge alignnone wp-image-669 size-full\" src=\"http:\/\/centresmolina.com\/centreensenyament\/files\/2014\/05\/nosaltres_4.jpg\" alt=\"\" width=\"1400\" height=\"575\" srcset=\"https:\/\/centresmolina.com\/centreensenyament\/files\/2014\/05\/nosaltres_4.jpg 1400w, https:\/\/centresmolina.com\/centreensenyament\/files\/2014\/05\/nosaltres_4-300x123.jpg 300w, https:\/\/centresmolina.com\/centreensenyament\/files\/2014\/05\/nosaltres_4-1024x421.jpg 1024w\" sizes=\"auto, (max-width: 1400px) 100vw, 1400px\" \/><\/a><\/p><\/div><\/div><\/div><\/div><\/div><div id=\"pg-310-3\"  class=\"panel-grid panel-has-style\" ><div class=\"fonsblaufosc panel-row-style panel-row-style-for-310-3\" ><div id=\"pgc-310-3-0\"  class=\"panel-grid-cell\" ><div id=\"panel-310-3-0-0\" class=\"so-panel widget widget_black-studio-tinymce widget_black_studio_tinymce panel-first-child panel-last-child\" data-index=\"6\" ><div class=\"textwidget\"><div id=\"consejo-escolar\" class=\"columnacont\">\n<h1>Consell Escolar<\/h1>\n<p><strong>DIRECCI\u00d3 \/ PRESIDENT<\/strong><br \/>\nCarolina Molina Garcia<\/p>\n<p><strong>REPRESENTANT DEL TITULAR<br \/>\n<\/strong>Jos\u00e9 Emilio Molina Garuz<br \/>\nCarolina Molina Garcia<br \/>\n\u00c1lvaro Molina Garcia<\/p>\n<p><strong>REPRESENTANT DELS ALUMNES<\/strong><br \/>\nZoe Est\u00e9vez Montagut<br \/>\nAdam Dadda Ben Ammar<\/p>\n<\/div>\n<\/div><\/div><\/div><div id=\"pgc-310-3-1\"  class=\"panel-grid-cell\" ><div id=\"panel-310-3-1-0\" class=\"so-panel widget widget_black-studio-tinymce widget_black_studio_tinymce panel-first-child panel-last-child\" data-index=\"7\" ><div class=\"textwidget\"><div class=\"columnacont\">\n<p>&nbsp;<\/p>\n<p><strong>REPRESENTANTS DEL PROFESSORAT<\/strong><br \/>\nMarissa Cerezo Serrat<br \/>\nRosalia Hidalgo Pena<br \/>\nEva Mas\u00f3 Amor\u00f3s<\/p>\n<p><strong>REPRESENTANT DE MARES I PARES<\/strong><br \/>\nMiriam Montagut<br \/>\nIhssan Ben Ammar Bouyaez<\/p>\n<\/div>\n<\/div><\/div><\/div><div id=\"pgc-310-3-2\"  class=\"panel-grid-cell\" ><div id=\"panel-310-3-2-0\" class=\"so-panel widget widget_black-studio-tinymce widget_black_studio_tinymce panel-first-child panel-last-child\" data-index=\"8\" ><div class=\"textwidget\"><div class=\"columnacont\">\n<p>&nbsp;<\/p>\n<p><strong>REPRESENTANT DEL PAS<br \/>\n<\/strong>Clara Sabadell Trueba<\/p>\n<p><strong>REPRESENTANT DEL PAE<br \/>\n<\/strong>Roser Chinch\u00f3 Entrambasaguas<\/div>\n<\/div><\/div><\/div><\/div><\/div><div id=\"pg-310-4\"  class=\"panel-grid panel-has-style\" ><div class=\"nopadding panel-row-style panel-row-style-for-310-4\" ><div id=\"pgc-310-4-0\"  class=\"panel-grid-cell\" ><div id=\"panel-310-4-0-0\" class=\"so-panel widget widget_black-studio-tinymce widget_black_studio_tinymce panel-first-child panel-last-child\" data-index=\"9\" ><div class=\"textwidget\"><p><a href=\"http:\/\/centresmolina.com\/centreensenyament\/files\/2014\/06\/equip-huma.jpg\"><img loading=\"lazy\" decoding=\"async\" class=\"imatge alignnone wp-image-730 size-full\" src=\"http:\/\/centresmolina.com\/centreensenyament\/files\/2014\/06\/equip-huma.jpg\" alt=\"\" width=\"1400\" height=\"575\" srcset=\"https:\/\/centresmolina.com\/centreensenyament\/files\/2014\/06\/equip-huma.jpg 1400w, https:\/\/centresmolina.com\/centreensenyament\/files\/2014\/06\/equip-huma-300x123.jpg 300w, https:\/\/centresmolina.com\/centreensenyament\/files\/2014\/06\/equip-huma-1024x421.jpg 1024w\" sizes=\"auto, (max-width: 1400px) 100vw, 1400px\" \/><\/a><\/p><\/div><\/div><\/div><\/div><\/div><div id=\"pg-310-5\"  class=\"panel-grid panel-has-style\" ><div class=\"spaceicon panel-row-style panel-row-style-for-310-5\" ><div id=\"pgc-310-5-0\"  class=\"panel-grid-cell\" ><div id=\"panel-310-5-0-0\" class=\"so-panel widget widget_black-studio-tinymce widget_black_studio_tinymce panel-first-child panel-last-child\" data-index=\"10\" ><div class=\"textwidget\"><p><img loading=\"lazy\" decoding=\"async\" class=\"alignnone size-full wp-image-398\" src=\"http:\/\/centresmolina.com\/centreensenyament\/wp-content\/uploads\/sites\/2\/2014\/05\/clock.png\" alt=\"clock\" width=\"103\" height=\"81\" data-id=\"398\" \/><\/p><\/div><\/div><\/div><\/div><\/div><div id=\"pg-310-6\"  class=\"panel-grid panel-has-style\" ><div class=\"fonsblanc panel-row-style panel-row-style-for-310-6\" ><div id=\"pgc-310-6-0\"  class=\"panel-grid-cell\" ><div id=\"panel-310-6-0-0\" class=\"so-panel widget widget_black-studio-tinymce widget_black_studio_tinymce panel-first-child panel-last-child\" data-index=\"11\" ><div class=\"textwidget\"><h1 id=\"horarios-entrada-salida\">Horaris d'entrada i sortida<\/h1>\n<div id=\"nes_page-wrap\">\n<table>\n<thead>\n<tr>\n<th><\/th>\n<th>Entrada<\/th>\n<th>Sortida<\/th>\n<th>Excepcions<\/th>\n<\/tr>\n<\/thead>\n<tbody>\n<tr>\n<td class=\"nes_curs\"><strong>Horari de 1r i 2n d'ESO<\/strong><br \/>\n(de dilluns a dijous)<\/td>\n<td><strong>08:30h<\/strong>\u00a0Mat\u00ed<br \/>\n<strong>15:00h<\/strong>\u00a0Tarda<\/td>\n<td><strong>13:00h<\/strong>\u00a0Migdia<br \/>\n<strong>17:00h<\/strong>\u00a0Tarda<br \/>\n<strong>18:00h<\/strong> (Dilluns)<\/td>\n<td>Divendres:<br \/>\nEntrada\u00a0<strong>08:30h<\/strong><br \/>\nSortida\u00a0<strong>14:00h<\/strong><\/td>\n<\/tr>\n<tr>\n<td class=\"nes_curs\"><strong>Horari 3r t 4t d'ESO<\/strong><br \/>\n(de dilluns a dijous)<\/td>\n<td><strong>08:30h<\/strong> Mat\u00ed<br \/>\n<strong>15:00h<\/strong>\u00a0Tarda<\/td>\n<td><strong>13:00h<\/strong>\u00a0Migdia<br \/>\n<strong>17:00h<\/strong>\u00a0Tarda<br \/>\n<strong>18:00h<\/strong> (Dilluns)<\/td>\n<td>Divendres:<br \/>\nEntrada\u00a0<strong>08:30h<\/strong><br \/>\nSortida\u00a0<strong>14:00h<\/strong><\/td>\n<\/tr>\n<tr>\n<td class=\"nes_curs\"><strong>Horari de CFGM<\/strong><br \/>\n(Intensiu de mat\u00ed)<\/td>\n<td><strong>08:30h<\/strong>\u00a0Mat\u00ed<\/td>\n<td><strong>14:00h<\/strong>\u00a0Migdia<\/td>\n<td>--<\/td>\n<\/tr>\n<\/tbody>\n<\/table>\n<\/div>\n<h1 id=\"calendario-escolar\"><\/h1>\n<div class=\"nes_contcal\"><\/div>\n<h1 id=\"calendario-escolar\">Calendari escolar<\/h1>\n<div class=\"nes_contcal\">\n<div class=\"nes_calescolar\">\n<div class=\"nes_mes\">Setembre<\/div>\n<div class=\"nes_dies\">\n<p><strong>08 Dilluns <\/strong>\u00a0- Inici del curs escolar 2025-2026 8:30h ESO<br \/>\n<strong>11 Dijous<\/strong>\u00a0- \u00a0Festa Diada de Catalunya<br \/>\n<strong>12 Divendres<\/strong> - Inici del curs escolar CFGM. Presentaci\u00f3 a les 10h<br \/>\n<strong>24 Dimecres<\/strong>\u00a0- \u00a0Festa Local de la Merc\u00e8<\/p>\n<\/div>\n<\/div>\n<div class=\"nes_calescolar\">\n<div class=\"nes_mes\">Octubre<\/div>\n<div class=\"nes_dies\">\n<p><strong>10 Divendres <\/strong>- Festa de lliure disposici\u00f3<\/p>\n<\/div>\n<\/div>\n<div class=\"nes_calescolar\">\n<div class=\"nes_mes\">Novembre<\/div>\n<div class=\"nes_dies\">\n<p><strong>03 Dilluns<\/strong>\u00a0- Festa de lliure disposici\u00f3<\/p>\n<\/div>\n<\/div>\n<div class=\"nes_calescolar\">\n<div class=\"nes_mes\">Desembre<\/div>\n<div class=\"nes_dies\">\n<p><strong>08 Dilluns<\/strong>\u00a0- Festiu de la Immaculada Concepci\u00f3<br \/>\n<strong>20 Dissabte\u00a0 <\/strong>- Inici de les vacances de Nadal<\/p>\n<\/div>\n<\/div>\n<div class=\"nes_calescolar\">\n<div class=\"nes_mes\">Gener<\/div>\n<div class=\"nes_dies\">\n<p><strong>08 Dijous<\/strong>\u00a0- Inici de las classes despr\u00e9s dels Nadals<\/p>\n<\/div>\n<\/div>\n<div class=\"nes_calescolar\">\n<div class=\"nes_mes\">Febrer<\/div>\n<div class=\"nes_dies\">\n<p><strong>16 Dilluns<\/strong> - Festiu de lliure disposici\u00f3<strong><br \/>\n<\/strong><\/p>\n<\/div>\n<\/div>\n<div class=\"nes_calescolar\">\n<div class=\"nes_mes\">Mar\u00e7<\/div>\n<div><\/div>\n<div class=\"nes_dies\">\n<strong>28 Dissabte <\/strong>- Inici vacances de Setmana Santa\n<\/div>\n<\/div>\n<div class=\"nes_calescolar\">\n<div><\/div>\n<div class=\"nes_mes\">Abril<\/div>\n<div class=\"nes_dies\">\n<p><strong>07 Dimarts <\/strong>- Inici classes despr\u00e9s de Setmana Santa<\/p>\n<\/div>\n<\/div>\n<div class=\"nes_calescolar\">\n<div class=\"nes_mes\">Maig<\/div>\n<div class=\"nes_dies\">\n<p><strong>22 Divendres <\/strong>- Dia de lliure disposici\u00f3<br \/>\n<strong>25 Dilluns <\/strong>- Festiu Segona Pasqua<\/p>\n<\/div>\n<\/div>\n<div class=\"nes_calescolar\">\n<div class=\"nes_mes\">Juny<\/div>\n<div class=\"nes_dies\">\n<p><strong>19 Divendres - <\/strong>\u00daltim d\u00eda de classe<\/p>\n<\/div>\n<\/div>\n<\/div>\n<\/div><\/div><\/div><\/div><\/div><\/div>","protected":false},"excerpt":{"rendered":"<p>L&#8217;any 1960, a Barcelona, la Sra. Leonor Garuz Blanco fund\u00e0 l&#8217;ACAD\u00c8MIA MOLINA al barri d&#8217;Hostafrancs.Aquest centre va n\u00e9ixer amb la&#8230;<\/p>\n","protected":false},"author":1,"featured_media":0,"parent":0,"menu_order":0,"comment_status":"closed","ping_status":"closed","template":"page-templates\/sidebar-excluded.php","meta":{"footnotes":""},"class_list":["post-310","page","type-page","status-publish","hentry"],"yoast_head":"<!-- This site is optimized with the Yoast SEO plugin v27.2 - https:\/\/yoast.com\/product\/yoast-seo-wordpress\/ -->\n<title>Nosaltres - Centros de ense\u00f1anza<\/title>\n<meta name=\"robots\" content=\"index, follow, max-snippet:-1, max-image-preview:large, max-video-preview:-1\" \/>\n<link rel=\"canonical\" href=\"https:\/\/centresmolina.com\/centreensenyament\/nosaltres\/\" \/>\n<meta property=\"og:locale\" content=\"ca_ES\" \/>\n<meta property=\"og:type\" content=\"article\" \/>\n<meta property=\"og:title\" content=\"Nosaltres - Centros de ense\u00f1anza\" \/>\n<meta property=\"og:description\" content=\"L&#039;any 1960, a Barcelona, la Sra. Leonor Garuz Blanco fund\u00e0 l&#039;ACAD\u00c8MIA MOLINA al barri d&#039;Hostafrancs.Aquest centre va n\u00e9ixer amb la...\" \/>\n<meta property=\"og:url\" content=\"https:\/\/centresmolina.com\/centreensenyament\/nosaltres\/\" \/>\n<meta property=\"og:site_name\" content=\"Centros de ense\u00f1anza\" \/>\n<meta property=\"article:modified_time\" content=\"2025-10-16T16:43:10+00:00\" \/>\n<meta property=\"og:image\" content=\"https:\/\/centresmolina.com\/centreensenyament\/files\/2014\/05\/equip-directiu.jpg\" \/>\n\t<meta property=\"og:image:width\" content=\"1400\" \/>\n\t<meta property=\"og:image:height\" content=\"575\" \/>\n\t<meta property=\"og:image:type\" content=\"image\/jpeg\" \/>\n<meta name=\"twitter:label1\" content=\"Temps estimat de lectura\" \/>\n\t<meta name=\"twitter:data1\" content=\"4 minuts\" \/>\n<script type=\"application\/ld+json\" class=\"yoast-schema-graph\">{\"@context\":\"https:\/\/schema.org\",\"@graph\":[{\"@type\":\"WebPage\",\"@id\":\"https:\/\/centresmolina.com\/centreensenyament\/nosaltres\/\",\"url\":\"https:\/\/centresmolina.com\/centreensenyament\/nosaltres\/\",\"name\":\"Nosaltres - Centros de ense\u00f1anza\",\"isPartOf\":{\"@id\":\"https:\/\/centresmolina.com\/centreensenyament\/#website\"},\"primaryImageOfPage\":{\"@id\":\"https:\/\/centresmolina.com\/centreensenyament\/nosaltres\/#primaryimage\"},\"image\":{\"@id\":\"https:\/\/centresmolina.com\/centreensenyament\/nosaltres\/#primaryimage\"},\"thumbnailUrl\":\"http:\/\/centresmolina.com\/centreensenyament\/files\/2014\/05\/equip-directiu.jpg\",\"datePublished\":\"2014-06-20T11:07:51+00:00\",\"dateModified\":\"2025-10-16T16:43:10+00:00\",\"breadcrumb\":{\"@id\":\"https:\/\/centresmolina.com\/centreensenyament\/nosaltres\/#breadcrumb\"},\"inLanguage\":\"ca\",\"potentialAction\":[{\"@type\":\"ReadAction\",\"target\":[\"https:\/\/centresmolina.com\/centreensenyament\/nosaltres\/\"]}]},{\"@type\":\"ImageObject\",\"inLanguage\":\"ca\",\"@id\":\"https:\/\/centresmolina.com\/centreensenyament\/nosaltres\/#primaryimage\",\"url\":\"https:\/\/centresmolina.com\/centreensenyament\/files\/2014\/05\/equip-directiu.jpg\",\"contentUrl\":\"https:\/\/centresmolina.com\/centreensenyament\/files\/2014\/05\/equip-directiu.jpg\",\"width\":1400,\"height\":575},{\"@type\":\"BreadcrumbList\",\"@id\":\"https:\/\/centresmolina.com\/centreensenyament\/nosaltres\/#breadcrumb\",\"itemListElement\":[{\"@type\":\"ListItem\",\"position\":1,\"name\":\"Portada\",\"item\":\"https:\/\/centresmolina.com\/centreensenyament\/\"},{\"@type\":\"ListItem\",\"position\":2,\"name\":\"Nosaltres\"}]},{\"@type\":\"WebSite\",\"@id\":\"https:\/\/centresmolina.com\/centreensenyament\/#website\",\"url\":\"https:\/\/centresmolina.com\/centreensenyament\/\",\"name\":\"Centros de ense\u00f1anza\",\"description\":\"Centres Molina - Centros de ense\u00f1anza\",\"potentialAction\":[{\"@type\":\"SearchAction\",\"target\":{\"@type\":\"EntryPoint\",\"urlTemplate\":\"https:\/\/centresmolina.com\/centreensenyament\/?s={search_term_string}\"},\"query-input\":{\"@type\":\"PropertyValueSpecification\",\"valueRequired\":true,\"valueName\":\"search_term_string\"}}],\"inLanguage\":\"ca\"}]}<\/script>\n<!-- \/ Yoast SEO plugin. -->","yoast_head_json":{"title":"Nosaltres - Centros de ense\u00f1anza","robots":{"index":"index","follow":"follow","max-snippet":"max-snippet:-1","max-image-preview":"max-image-preview:large","max-video-preview":"max-video-preview:-1"},"canonical":"https:\/\/centresmolina.com\/centreensenyament\/nosaltres\/","og_locale":"ca_ES","og_type":"article","og_title":"Nosaltres - Centros de ense\u00f1anza","og_description":"L'any 1960, a Barcelona, la Sra. Leonor Garuz Blanco fund\u00e0 l'ACAD\u00c8MIA MOLINA al barri d'Hostafrancs.Aquest centre va n\u00e9ixer amb la...","og_url":"https:\/\/centresmolina.com\/centreensenyament\/nosaltres\/","og_site_name":"Centros de ense\u00f1anza","article_modified_time":"2025-10-16T16:43:10+00:00","og_image":[{"width":1400,"height":575,"url":"https:\/\/centresmolina.com\/centreensenyament\/files\/2014\/05\/equip-directiu.jpg","type":"image\/jpeg"}],"twitter_misc":{"Temps estimat de lectura":"4 minuts"},"schema":{"@context":"https:\/\/schema.org","@graph":[{"@type":"WebPage","@id":"https:\/\/centresmolina.com\/centreensenyament\/nosaltres\/","url":"https:\/\/centresmolina.com\/centreensenyament\/nosaltres\/","name":"Nosaltres - Centros de ense\u00f1anza","isPartOf":{"@id":"https:\/\/centresmolina.com\/centreensenyament\/#website"},"primaryImageOfPage":{"@id":"https:\/\/centresmolina.com\/centreensenyament\/nosaltres\/#primaryimage"},"image":{"@id":"https:\/\/centresmolina.com\/centreensenyament\/nosaltres\/#primaryimage"},"thumbnailUrl":"http:\/\/centresmolina.com\/centreensenyament\/files\/2014\/05\/equip-directiu.jpg","datePublished":"2014-06-20T11:07:51+00:00","dateModified":"2025-10-16T16:43:10+00:00","breadcrumb":{"@id":"https:\/\/centresmolina.com\/centreensenyament\/nosaltres\/#breadcrumb"},"inLanguage":"ca","potentialAction":[{"@type":"ReadAction","target":["https:\/\/centresmolina.com\/centreensenyament\/nosaltres\/"]}]},{"@type":"ImageObject","inLanguage":"ca","@id":"https:\/\/centresmolina.com\/centreensenyament\/nosaltres\/#primaryimage","url":"https:\/\/centresmolina.com\/centreensenyament\/files\/2014\/05\/equip-directiu.jpg","contentUrl":"https:\/\/centresmolina.com\/centreensenyament\/files\/2014\/05\/equip-directiu.jpg","width":1400,"height":575},{"@type":"BreadcrumbList","@id":"https:\/\/centresmolina.com\/centreensenyament\/nosaltres\/#breadcrumb","itemListElement":[{"@type":"ListItem","position":1,"name":"Portada","item":"https:\/\/centresmolina.com\/centreensenyament\/"},{"@type":"ListItem","position":2,"name":"Nosaltres"}]},{"@type":"WebSite","@id":"https:\/\/centresmolina.com\/centreensenyament\/#website","url":"https:\/\/centresmolina.com\/centreensenyament\/","name":"Centros de ense\u00f1anza","description":"Centres Molina - Centros de ense\u00f1anza","potentialAction":[{"@type":"SearchAction","target":{"@type":"EntryPoint","urlTemplate":"https:\/\/centresmolina.com\/centreensenyament\/?s={search_term_string}"},"query-input":{"@type":"PropertyValueSpecification","valueRequired":true,"valueName":"search_term_string"}}],"inLanguage":"ca"}]}},"_links":{"self":[{"href":"https:\/\/centresmolina.com\/centreensenyament\/wp-json\/wp\/v2\/pages\/310","targetHints":{"allow":["GET"]}}],"collection":[{"href":"https:\/\/centresmolina.com\/centreensenyament\/wp-json\/wp\/v2\/pages"}],"about":[{"href":"https:\/\/centresmolina.com\/centreensenyament\/wp-json\/wp\/v2\/types\/page"}],"author":[{"embeddable":true,"href":"https:\/\/centresmolina.com\/centreensenyament\/wp-json\/wp\/v2\/users\/1"}],"replies":[{"embeddable":true,"href":"https:\/\/centresmolina.com\/centreensenyament\/wp-json\/wp\/v2\/comments?post=310"}],"version-history":[{"count":169,"href":"https:\/\/centresmolina.com\/centreensenyament\/wp-json\/wp\/v2\/pages\/310\/revisions"}],"predecessor-version":[{"id":21779,"href":"https:\/\/centresmolina.com\/centreensenyament\/wp-json\/wp\/v2\/pages\/310\/revisions\/21779"}],"wp:attachment":[{"href":"https:\/\/centresmolina.com\/centreensenyament\/wp-json\/wp\/v2\/media?parent=310"}],"curies":[{"name":"wp","href":"https:\/\/api.w.org\/{rel}","templated":true}]}}