{"id":314,"date":"2014-06-20T11:09:33","date_gmt":"2014-06-20T11:09:33","guid":{"rendered":"http:\/\/centresmolina.com\/centreensenyament\/?page_id=314"},"modified":"2026-04-01T14:00:36","modified_gmt":"2026-04-01T14:00:36","slug":"oferta-educativa","status":"publish","type":"page","link":"https:\/\/centresmolina.com\/centreensenyament\/oferta-educativa\/","title":{"rendered":"Oferta educativa"},"content":{"rendered":"<div id=\"pl-314\"  class=\"panel-layout\" ><div id=\"pg-314-0\"  class=\"panel-grid panel-has-style\" ><div class=\"fonsblanc panel-row-style panel-row-style-for-314-0\" ><div id=\"pgc-314-0-0\"  class=\"panel-grid-cell\" ><div id=\"panel-314-0-0-0\" class=\"so-panel widget widget_black-studio-tinymce widget_black_studio_tinymce panel-first-child panel-last-child\" data-index=\"0\" ><div class=\"textwidget\"><div id=\"oferta-educativa\" class=\"columnacont\">\n<p><a href=\"http:\/\/centresmolina.com\/centreensenyament\/files\/2014\/05\/oferta-educativa.jpg\"><img loading=\"lazy\" decoding=\"async\" class=\"imatge alignnone wp-image-733 size-full\" src=\"http:\/\/centresmolina.com\/centreensenyament\/files\/2014\/05\/oferta-educativa.jpg\" alt=\"\" width=\"1400\" height=\"575\" srcset=\"https:\/\/centresmolina.com\/centreensenyament\/files\/2014\/05\/oferta-educativa.jpg 1400w, https:\/\/centresmolina.com\/centreensenyament\/files\/2014\/05\/oferta-educativa-300x123.jpg 300w, https:\/\/centresmolina.com\/centreensenyament\/files\/2014\/05\/oferta-educativa-1024x421.jpg 1024w\" sizes=\"auto, (max-width: 1400px) 100vw, 1400px\" \/><\/a><\/p>\n<h1>50 anys formant persones<\/h1>\n<p>L'Escola Molina, <strong><span class=\"blau\">centre concertat per la Generalitat de Catalunya<\/span><\/strong>, \u00e9s una escola familiar amb m\u00e9s de 50 anys d'experi\u00e8ncia dedicant-se a la formaci\u00f3 d\u2019alumnes de diferents edats.<\/p>\n<\/div>\n<div class=\"columnacont\">Amb el pas dels anys, i despr\u00e9s d'un relleu generacional, el seu funcionament ha anat adaptant-se a les diferents reformes educatives i novetats tecnol\u00f2giques. \u00c9s un marc de formaci\u00f3 i conviv\u00e8ncia on el di\u00e0leg i la responsabilitat, la superaci\u00f3 i l\u2019inter\u00e8s per la transformaci\u00f3 social possibiliten el creixement personal i professional.<\/div>\n<div class=\"columnacont\"><em><span class=\"blau\">Una tradici\u00f3 d\u2019ensenyament acurat i un estil educatiu personalitzat on els estudiants s\u00f3n els protagonistes d\u2019un proc\u00e9s on es prioritza l\u2019aprenentatge davant l\u2019ensenyament, amb una clara atenci\u00f3 a l\u2019orientaci\u00f3 acad\u00e8mica i professional.<\/span><\/em><\/div>\n<\/div><\/div><\/div><div id=\"pgc-314-0-1\"  class=\"panel-grid-cell\" ><div id=\"panel-314-0-1-0\" class=\"so-panel widget widget_black-studio-tinymce widget_black_studio_tinymce panel-first-child panel-last-child\" data-index=\"1\" ><div class=\"textwidget\"><div class=\"columnacont\">\n<div class=\"floatimatge\"><img loading=\"lazy\" decoding=\"async\" class=\"imatge alignnone wp-image-161 size-full\" src=\"http:\/\/centresmolina.com\/centreensenyament\/wp-content\/uploads\/sites\/2\/2014\/05\/icono_oiferta_1.png\" alt=\"\" width=\"111\" height=\"110\" \/><\/div>\n<div class=\"floattext\">\n<h3>Educaci\u00f3 Secund\u00e0ria Obligat\u00f2ria<\/h3>\n<p>L\u2019alumne\/a \u00e9s l\u2019eix del nostre sistema educatiu. Treballem amb el millor equip docent per a garantir una educaci\u00f3 integral de futur.<\/p><\/div>\n<div class=\"clear\"><\/div>\n<div class=\"floatimatge\"><img loading=\"lazy\" decoding=\"async\" class=\"imatge alignnone wp-image-164 size-full\" src=\"http:\/\/centresmolina.com\/centreensenyament\/wp-content\/uploads\/sites\/2\/2014\/05\/icono_oiferta_3.png\" alt=\"\" width=\"111\" height=\"110\" \/><\/div>\n<div class=\"floattext\">\n<h3>Gesti\u00f3 Administrativa<\/h3>\n<p>Oferim eines vers\u00e0tils de formaci\u00f3 \u00a0que s\u2019adapten a les necessitats acad\u00e8miques actuals i que s\u2019anticipen als canvis del m\u00f3n laboral. <a href=\"http:\/\/centresmolina.com\/centreensenyament\/files\/2026\/03\/CURS-2026-2027-Preinscripcio-CFGM-2.png\" target=\"_blank\" rel=\"noopener\">+ info<\/a><\/div>\n<div class=\"clear\"><\/div>\n<div class=\"floatimatge\"><img loading=\"lazy\" decoding=\"async\" class=\"imatge alignnone wp-image-165 size-full\" src=\"http:\/\/centresmolina.com\/centreensenyament\/wp-content\/uploads\/sites\/2\/2014\/05\/icono_oiferta_2.png\" alt=\"\" width=\"111\" height=\"110\" \/><\/div>\n<div class=\"floattext\">\n<h3>Administraci\u00f3 i finances<\/h3>\n<p>Les persones que segueixen el nostre programa adquireixen capacitats de gesti\u00f3 empresarial i financera, per a ser capa\u00e7os de liderar projectes professionals.<\/p>\n<h3>Administraci\u00f3 de Sistemes Inform\u00e0tics en Xarxa<\/h3>\n<p>Programa espec\u00edfic que permet adquirir habilitats en tecnologia i telecomunicacions, que condueixen cap a l\u2019\u00e8xit professional.<\/p><\/div>\n<\/div>\n<\/div><\/div><\/div><\/div><\/div><div id=\"pg-314-1\"  class=\"panel-grid panel-has-style\" ><div class=\"nopadding panel-row-style panel-row-style-for-314-1\" ><div id=\"pgc-314-1-0\"  class=\"panel-grid-cell\" ><div id=\"panel-314-1-0-0\" class=\"so-panel widget widget_black-studio-tinymce widget_black_studio_tinymce panel-first-child panel-last-child\" data-index=\"2\" ><div class=\"textwidget\"><p><a href=\"http:\/\/centresmolina.com\/centreensenyament\/files\/2014\/05\/oferta_educativa_01.jpg\"><img loading=\"lazy\" decoding=\"async\" class=\"alignnone size-full wp-image-777\" src=\"http:\/\/centresmolina.com\/centreensenyament\/files\/2014\/05\/oferta_educativa_01.jpg\" alt=\"oferta_educativa_01\" width=\"1400\" height=\"575\" data-id=\"777\" srcset=\"https:\/\/centresmolina.com\/centreensenyament\/files\/2014\/05\/oferta_educativa_01.jpg 1400w, https:\/\/centresmolina.com\/centreensenyament\/files\/2014\/05\/oferta_educativa_01-300x123.jpg 300w, https:\/\/centresmolina.com\/centreensenyament\/files\/2014\/05\/oferta_educativa_01-1024x421.jpg 1024w\" sizes=\"auto, (max-width: 1400px) 100vw, 1400px\" \/><\/a><\/p><\/div><\/div><\/div><\/div><\/div><div id=\"pg-314-2\"  class=\"panel-grid panel-has-style\" ><div class=\"fonsbody panel-row-style panel-row-style-for-314-2\" ><div id=\"pgc-314-2-0\"  class=\"panel-grid-cell\" ><div id=\"panel-314-2-0-0\" class=\"so-panel widget widget_black-studio-tinymce widget_black_studio_tinymce panel-first-child panel-last-child\" data-index=\"3\" ><div class=\"textwidget\"><div id=\"soporte-especial\" class=\"columnacont\" data-iguala=\"1\">\n<p><img loading=\"lazy\" decoding=\"async\" class=\"iconbox alignnone wp-image-171 size-full\" src=\"http:\/\/centresmolina.com\/centreensenyament\/wp-content\/uploads\/sites\/2\/2014\/05\/bola_2.png\" alt=\"\" width=\"103\" height=\"81\" \/><\/p>\n<h1>Una escola oberta a tothom per a...<\/h1>\n<ul>\n<li><strong><span class=\"blau\">Acollir:<\/span><\/strong> promovem les relacions properes i familiars.<\/li>\n<li><strong><span class=\"blau\">Innovar:<\/span><\/strong> coneixem i adaptem, si s'escau, els darrers m\u00e8todes pedag\u00f2gics i tecnol\u00f2gics.<\/li>\n<li><strong><span class=\"blau\">Participar:<\/span><\/strong> fomentem la implicaci\u00f3 de tota la comunitat educativa.<\/li>\n<li><strong><span class=\"blau\">Transformar:<\/span><\/strong> eduquem uns valors que permeten la millora de la societat on vivim.<\/li>\n<\/ul>\n<\/div>\n<\/div><\/div><\/div><div id=\"pgc-314-2-1\"  class=\"panel-grid-cell\" ><div id=\"panel-314-2-1-0\" class=\"so-panel widget widget_black-studio-tinymce widget_black_studio_tinymce panel-first-child panel-last-child\" data-index=\"4\" ><div class=\"textwidget\"><div class=\"columnacont\" data-iguala=\"1\">\n<p><img loading=\"lazy\" decoding=\"async\" class=\"iconbox alignnone wp-image-169 size-full\" src=\"http:\/\/centresmolina.com\/centreensenyament\/wp-content\/uploads\/sites\/2\/2014\/05\/bola.png\" alt=\"\" width=\"103\" height=\"81\" \/><\/p>\n<h1>Educar per a que siguin capa\u00e7os de...<\/h1>\n<ul>\n<li><strong><span class=\"blau\">Reflexionar:<\/span><\/strong>\u00a0per a que pensin les coses abans, durant i despr\u00e9s de fer-les o actuar.<\/li>\n<li><strong><span class=\"blau\">Ser responsables:<\/span>\u00a0<\/strong>esfor\u00e7ar-se per complir amb les seves obligacions.<\/li>\n<li><strong><span class=\"blau\">Ser cr\u00edtics:<\/span><\/strong>\u00a0expressar la seva opini\u00f3 de manera raonada.<\/li>\n<li><strong><span class=\"blau\">Ser aut\u00f2noms:<\/span>\u00a0<\/strong>prendre decisions i actuar en conseq\u00fc\u00e8ncia.<\/li>\n<\/ul>\n<\/div>\n<\/div><\/div><\/div><\/div><\/div><div id=\"pg-314-3\"  class=\"panel-grid panel-has-style\" ><div class=\"nopadding panel-row-style panel-row-style-for-314-3\" ><div id=\"pgc-314-3-0\"  class=\"panel-grid-cell\" ><div id=\"panel-314-3-0-0\" class=\"so-panel widget widget_black-studio-tinymce widget_black_studio_tinymce panel-first-child panel-last-child\" data-index=\"5\" ><div class=\"textwidget\"><p><a href=\"http:\/\/centresmolina.com\/centreensenyament\/files\/2014\/06\/accio-tutorial3.jpg\"><img loading=\"lazy\" decoding=\"async\" class=\"imatge alignnone wp-image-781 size-full\" src=\"http:\/\/centresmolina.com\/centreensenyament\/files\/2014\/06\/accio-tutorial3.jpg\" alt=\"\" width=\"1400\" height=\"575\" srcset=\"https:\/\/centresmolina.com\/centreensenyament\/files\/2014\/06\/accio-tutorial3.jpg 1400w, https:\/\/centresmolina.com\/centreensenyament\/files\/2014\/06\/accio-tutorial3-300x123.jpg 300w, https:\/\/centresmolina.com\/centreensenyament\/files\/2014\/06\/accio-tutorial3-1024x421.jpg 1024w\" sizes=\"auto, (max-width: 1400px) 100vw, 1400px\" \/><\/a><\/p><\/div><\/div><\/div><\/div><\/div><div id=\"pg-314-4\"  class=\"panel-grid panel-has-style\" ><div class=\"fonsblau panel-row-style panel-row-style-for-314-4\" ><div id=\"pgc-314-4-0\"  class=\"panel-grid-cell\" ><div id=\"panel-314-4-0-0\" class=\"so-panel widget widget_black-studio-tinymce widget_black_studio_tinymce panel-first-child panel-last-child\" data-index=\"6\" ><div class=\"textwidget\"><div class=\"columnacont\">\n<h1>Acci\u00f3 tutorial i atenci\u00f3 a la diversitat<\/h1>\n<p>Disposem d\u2019un departament d\u2019orientaci\u00f3, responsable d\u2019impulsar l\u2019acci\u00f3 tutorial i coordinar l\u2019orientaci\u00f3 escolar dels alumnes. Tamb\u00e9 realitza l\u2019atenci\u00f3 als alumnes amb necessitats educatives especials i col\u00b7labora en l\u2019elaboraci\u00f3 d\u2019adaptacions curriculars.<\/p>\n<p><a class=\"boto\" href=\"http:\/\/centresmolina.com\/centreensenyament\/ca\/accio-tutorial-diversitat\/\">M\u00e9s info<\/a><\/p>\n<\/div>\n<\/div><\/div><\/div><div id=\"pgc-314-4-1\"  class=\"panel-grid-cell\" ><div id=\"panel-314-4-1-0\" class=\"so-panel widget widget_black-studio-tinymce widget_black_studio_tinymce panel-first-child panel-last-child\" data-index=\"7\" ><div class=\"textwidget\"><div id=\"actividades-extraescolares\" class=\"columnacont\">\n<h1>Orientar en el creixement<\/h1>\n<p>El nostre centre t\u00e9 una llarga experi\u00e8ncia educativa i segueix una mateixa l\u00ednia pedag\u00f2gica, creant un <strong>estil propi<\/strong> per a potenciar el desenvolupament integral, personal i acad\u00e8mic de l'alumne, adaptant els mitjans educatius a les exig\u00e8ncies del moment.<\/p>\n<\/div>\n<\/div><\/div><\/div><\/div><\/div><div id=\"pg-314-5\"  class=\"panel-grid panel-has-style\" ><div class=\"spaceicon panel-row-style panel-row-style-for-314-5\" ><div id=\"pgc-314-5-0\"  class=\"panel-grid-cell\" ><div id=\"panel-314-5-0-0\" class=\"so-panel widget widget_black-studio-tinymce widget_black_studio_tinymce panel-first-child panel-last-child\" data-index=\"8\" ><div class=\"textwidget\"><p><img loading=\"lazy\" decoding=\"async\" class=\"alignnone size-full wp-image-408\" src=\"http:\/\/centresmolina.com\/centreensenyament\/wp-content\/uploads\/sites\/2\/2014\/05\/perfil.png\" alt=\"perfil\" width=\"103\" height=\"81\" data-id=\"408\" \/><\/p>\n<h1>La voluntat \u00e9s despertar les emocions<\/h1><\/div><\/div><\/div><\/div><\/div><div id=\"pg-314-6\"  class=\"panel-grid panel-has-style\" ><div class=\"fonsblancdetall panel-row-style panel-row-style-for-314-6\" ><div id=\"pgc-314-6-0\"  class=\"panel-grid-cell\" ><div id=\"panel-314-6-0-0\" class=\"so-panel widget widget_black-studio-tinymce widget_black_studio_tinymce panel-first-child panel-last-child\" data-index=\"9\" ><div class=\"textwidget\"><div class=\"columnacont\">\n<p>En acabar el proc\u00e9s educatiu seran competents si:<\/p>\n<ul>\n<li><strong><span class=\"blau\">Comprenen:<\/span>\u00a0<\/strong>copsen i interioritzen la informaci\u00f3 rebuda en qualsevol situaci\u00f3.<\/li>\n<li><strong><span class=\"blau\">Autoconeixen:<\/span><\/strong>\u00a0tenen consci\u00e8ncia de les pr\u00f2pies capacitats i habilitats.<\/li>\n<li><strong><span class=\"blau\">Resolen:<\/span><\/strong>\u00a0troben soluci\u00f3 als problemes que se\u2019ls plantegen.<\/li>\n<li><strong><span class=\"blau\">Recerquen:<\/span>\u00a0<\/strong>fan \u00fas de mitjans diversos per trobar respostes a les q\u00fcestions plantejades.<\/li>\n<\/ul>\n<\/div>\n<\/div><\/div><\/div><div id=\"pgc-314-6-1\"  class=\"panel-grid-cell\" ><div id=\"panel-314-6-1-0\" class=\"so-panel widget widget_black-studio-tinymce widget_black_studio_tinymce panel-first-child panel-last-child\" data-index=\"10\" ><div class=\"textwidget\"><div class=\"columnacont\">\n<ul>\n<li><strong><span class=\"blau\">Cooperen:<\/span><\/strong>\u00a0Treballen en grup, respectant les individualitats.<\/li>\n<li><strong><span class=\"blau\">Memoritzen:<\/span>\u00a0<\/strong>Recorden significativament all\u00f2 m\u00e9s rellevant.<\/li>\n<li><strong><span class=\"blau\">Comuniquen i expressen:<\/span><\/strong>\u00a0Transmeten informacions, sentiments o estats d\u2019\u00e0nim.<\/li>\n<li><strong><span class=\"blau\">Transfereixen:<\/span>\u00a0<\/strong>Apliquen el que han apr\u00e9s en situacions i contextos diversos.<\/li>\n<li><strong><span class=\"blau\">Autoregulen:<\/span><\/strong>\u00a0S\u00f3n conscients del seu propi proc\u00e9s d\u2019aprenentatge.<\/li>\n<\/ul>\n<\/div>\n<\/div><\/div><\/div><\/div><\/div><\/div>","protected":false},"excerpt":{"rendered":"<p>50 anys formant personesL&#8217;Escola Molina, centre concertat per la Generalitat de Catalunya, \u00e9s una escola familiar amb m\u00e9s de 50&#8230;<\/p>\n","protected":false},"author":1,"featured_media":0,"parent":0,"menu_order":0,"comment_status":"closed","ping_status":"closed","template":"page-templates\/sidebar-excluded.php","meta":{"footnotes":""},"class_list":["post-314","page","type-page","status-publish","hentry"],"yoast_head":"<!-- This site is optimized with the Yoast SEO plugin v27.2 - https:\/\/yoast.com\/product\/yoast-seo-wordpress\/ -->\n<title>Oferta educativa - Centros de ense\u00f1anza<\/title>\n<meta name=\"robots\" content=\"index, follow, max-snippet:-1, max-image-preview:large, max-video-preview:-1\" \/>\n<link rel=\"canonical\" href=\"https:\/\/centresmolina.com\/centreensenyament\/oferta-educativa\/\" \/>\n<meta property=\"og:locale\" content=\"ca_ES\" \/>\n<meta property=\"og:type\" content=\"article\" \/>\n<meta property=\"og:title\" content=\"Oferta educativa - Centros de ense\u00f1anza\" \/>\n<meta property=\"og:description\" content=\"50 anys formant personesL&#039;Escola Molina, centre concertat per la Generalitat de Catalunya, \u00e9s una escola familiar amb m\u00e9s de 50...\" \/>\n<meta property=\"og:url\" content=\"https:\/\/centresmolina.com\/centreensenyament\/oferta-educativa\/\" \/>\n<meta property=\"og:site_name\" content=\"Centros de ense\u00f1anza\" \/>\n<meta property=\"article:modified_time\" content=\"2026-04-01T14:00:36+00:00\" \/>\n<meta property=\"og:image\" content=\"https:\/\/centresmolina.com\/centreensenyament\/files\/2014\/05\/oferta-educativa.jpg\" \/>\n\t<meta property=\"og:image:width\" content=\"1400\" \/>\n\t<meta property=\"og:image:height\" content=\"575\" \/>\n\t<meta property=\"og:image:type\" content=\"image\/jpeg\" \/>\n<meta name=\"twitter:label1\" content=\"Temps estimat de lectura\" \/>\n\t<meta name=\"twitter:data1\" content=\"4 minuts\" \/>\n<script type=\"application\/ld+json\" class=\"yoast-schema-graph\">{\"@context\":\"https:\/\/schema.org\",\"@graph\":[{\"@type\":\"WebPage\",\"@id\":\"https:\/\/centresmolina.com\/centreensenyament\/oferta-educativa\/\",\"url\":\"https:\/\/centresmolina.com\/centreensenyament\/oferta-educativa\/\",\"name\":\"Oferta educativa - Centros de ense\u00f1anza\",\"isPartOf\":{\"@id\":\"https:\/\/centresmolina.com\/centreensenyament\/#website\"},\"primaryImageOfPage\":{\"@id\":\"https:\/\/centresmolina.com\/centreensenyament\/oferta-educativa\/#primaryimage\"},\"image\":{\"@id\":\"https:\/\/centresmolina.com\/centreensenyament\/oferta-educativa\/#primaryimage\"},\"thumbnailUrl\":\"http:\/\/centresmolina.com\/centreensenyament\/files\/2014\/05\/oferta-educativa.jpg\",\"datePublished\":\"2014-06-20T11:09:33+00:00\",\"dateModified\":\"2026-04-01T14:00:36+00:00\",\"breadcrumb\":{\"@id\":\"https:\/\/centresmolina.com\/centreensenyament\/oferta-educativa\/#breadcrumb\"},\"inLanguage\":\"ca\",\"potentialAction\":[{\"@type\":\"ReadAction\",\"target\":[\"https:\/\/centresmolina.com\/centreensenyament\/oferta-educativa\/\"]}]},{\"@type\":\"ImageObject\",\"inLanguage\":\"ca\",\"@id\":\"https:\/\/centresmolina.com\/centreensenyament\/oferta-educativa\/#primaryimage\",\"url\":\"https:\/\/centresmolina.com\/centreensenyament\/files\/2014\/05\/oferta-educativa.jpg\",\"contentUrl\":\"https:\/\/centresmolina.com\/centreensenyament\/files\/2014\/05\/oferta-educativa.jpg\",\"width\":1400,\"height\":575},{\"@type\":\"BreadcrumbList\",\"@id\":\"https:\/\/centresmolina.com\/centreensenyament\/oferta-educativa\/#breadcrumb\",\"itemListElement\":[{\"@type\":\"ListItem\",\"position\":1,\"name\":\"Portada\",\"item\":\"https:\/\/centresmolina.com\/centreensenyament\/\"},{\"@type\":\"ListItem\",\"position\":2,\"name\":\"Oferta educativa\"}]},{\"@type\":\"WebSite\",\"@id\":\"https:\/\/centresmolina.com\/centreensenyament\/#website\",\"url\":\"https:\/\/centresmolina.com\/centreensenyament\/\",\"name\":\"Centros de ense\u00f1anza\",\"description\":\"Centres Molina - Centros de ense\u00f1anza\",\"potentialAction\":[{\"@type\":\"SearchAction\",\"target\":{\"@type\":\"EntryPoint\",\"urlTemplate\":\"https:\/\/centresmolina.com\/centreensenyament\/?s={search_term_string}\"},\"query-input\":{\"@type\":\"PropertyValueSpecification\",\"valueRequired\":true,\"valueName\":\"search_term_string\"}}],\"inLanguage\":\"ca\"}]}<\/script>\n<!-- \/ Yoast SEO plugin. -->","yoast_head_json":{"title":"Oferta educativa - Centros de ense\u00f1anza","robots":{"index":"index","follow":"follow","max-snippet":"max-snippet:-1","max-image-preview":"max-image-preview:large","max-video-preview":"max-video-preview:-1"},"canonical":"https:\/\/centresmolina.com\/centreensenyament\/oferta-educativa\/","og_locale":"ca_ES","og_type":"article","og_title":"Oferta educativa - Centros de ense\u00f1anza","og_description":"50 anys formant personesL'Escola Molina, centre concertat per la Generalitat de Catalunya, \u00e9s una escola familiar amb m\u00e9s de 50...","og_url":"https:\/\/centresmolina.com\/centreensenyament\/oferta-educativa\/","og_site_name":"Centros de ense\u00f1anza","article_modified_time":"2026-04-01T14:00:36+00:00","og_image":[{"width":1400,"height":575,"url":"https:\/\/centresmolina.com\/centreensenyament\/files\/2014\/05\/oferta-educativa.jpg","type":"image\/jpeg"}],"twitter_misc":{"Temps estimat de lectura":"4 minuts"},"schema":{"@context":"https:\/\/schema.org","@graph":[{"@type":"WebPage","@id":"https:\/\/centresmolina.com\/centreensenyament\/oferta-educativa\/","url":"https:\/\/centresmolina.com\/centreensenyament\/oferta-educativa\/","name":"Oferta educativa - Centros de ense\u00f1anza","isPartOf":{"@id":"https:\/\/centresmolina.com\/centreensenyament\/#website"},"primaryImageOfPage":{"@id":"https:\/\/centresmolina.com\/centreensenyament\/oferta-educativa\/#primaryimage"},"image":{"@id":"https:\/\/centresmolina.com\/centreensenyament\/oferta-educativa\/#primaryimage"},"thumbnailUrl":"http:\/\/centresmolina.com\/centreensenyament\/files\/2014\/05\/oferta-educativa.jpg","datePublished":"2014-06-20T11:09:33+00:00","dateModified":"2026-04-01T14:00:36+00:00","breadcrumb":{"@id":"https:\/\/centresmolina.com\/centreensenyament\/oferta-educativa\/#breadcrumb"},"inLanguage":"ca","potentialAction":[{"@type":"ReadAction","target":["https:\/\/centresmolina.com\/centreensenyament\/oferta-educativa\/"]}]},{"@type":"ImageObject","inLanguage":"ca","@id":"https:\/\/centresmolina.com\/centreensenyament\/oferta-educativa\/#primaryimage","url":"https:\/\/centresmolina.com\/centreensenyament\/files\/2014\/05\/oferta-educativa.jpg","contentUrl":"https:\/\/centresmolina.com\/centreensenyament\/files\/2014\/05\/oferta-educativa.jpg","width":1400,"height":575},{"@type":"BreadcrumbList","@id":"https:\/\/centresmolina.com\/centreensenyament\/oferta-educativa\/#breadcrumb","itemListElement":[{"@type":"ListItem","position":1,"name":"Portada","item":"https:\/\/centresmolina.com\/centreensenyament\/"},{"@type":"ListItem","position":2,"name":"Oferta educativa"}]},{"@type":"WebSite","@id":"https:\/\/centresmolina.com\/centreensenyament\/#website","url":"https:\/\/centresmolina.com\/centreensenyament\/","name":"Centros de ense\u00f1anza","description":"Centres Molina - Centros de ense\u00f1anza","potentialAction":[{"@type":"SearchAction","target":{"@type":"EntryPoint","urlTemplate":"https:\/\/centresmolina.com\/centreensenyament\/?s={search_term_string}"},"query-input":{"@type":"PropertyValueSpecification","valueRequired":true,"valueName":"search_term_string"}}],"inLanguage":"ca"}]}},"_links":{"self":[{"href":"https:\/\/centresmolina.com\/centreensenyament\/wp-json\/wp\/v2\/pages\/314","targetHints":{"allow":["GET"]}}],"collection":[{"href":"https:\/\/centresmolina.com\/centreensenyament\/wp-json\/wp\/v2\/pages"}],"about":[{"href":"https:\/\/centresmolina.com\/centreensenyament\/wp-json\/wp\/v2\/types\/page"}],"author":[{"embeddable":true,"href":"https:\/\/centresmolina.com\/centreensenyament\/wp-json\/wp\/v2\/users\/1"}],"replies":[{"embeddable":true,"href":"https:\/\/centresmolina.com\/centreensenyament\/wp-json\/wp\/v2\/comments?post=314"}],"version-history":[{"count":21,"href":"https:\/\/centresmolina.com\/centreensenyament\/wp-json\/wp\/v2\/pages\/314\/revisions"}],"predecessor-version":[{"id":23005,"href":"https:\/\/centresmolina.com\/centreensenyament\/wp-json\/wp\/v2\/pages\/314\/revisions\/23005"}],"wp:attachment":[{"href":"https:\/\/centresmolina.com\/centreensenyament\/wp-json\/wp\/v2\/media?parent=314"}],"curies":[{"name":"wp","href":"https:\/\/api.w.org\/{rel}","templated":true}]}}