{"id":51,"date":"2014-05-13T09:35:38","date_gmt":"2014-05-13T09:35:38","guid":{"rendered":"http:\/\/centresmolina.com\/centreensenyament\/?page_id=51"},"modified":"2026-04-01T09:25:16","modified_gmt":"2026-04-01T09:25:16","slug":"secretaria","status":"publish","type":"page","link":"https:\/\/centresmolina.com\/centreensenyament\/secretaria\/","title":{"rendered":"Secretaria"},"content":{"rendered":"<h2 id=\"inscripciones\">Preinscripcions i matr\u00edcules<\/h2>\n<p>El proc\u00e9s de preinscripci\u00f3 escolar per a cursar ESO\u00a0<a href=\"https:\/\/preinscripcio.gencat.cat\/ca\/estudis\/eso\/inici\/index.html\">Preinscripci\u00f3 ESO\u00a0 Curs 2026-2027<\/a> <strong>\u00e9s del 6 al 18 de mar\u00e7 de 2026.<\/strong><\/p>\n<p>El proc\u00e9s de preinscripci\u00f3 escolar per cursar CFGM de Ges<span style=\"line-height: 1.5;\">ti\u00f3 Administrativa <a href=\"https:\/\/preinscripcio.gencat.cat\/ca\/estudis\/fp-grau-mitja\/inici\/\">Preinscripci\u00f3 CFGM Curs 2026-2027<\/a> \u00e9s <strong>del 26 de maig a l&#8217;1 de juny de 2026.<\/strong><\/span><\/p>\n<p><a href=\"http:\/\/chrome-extension:\/\/efaidnbmnnnibpcajpcglclefindmkaj\/https:\/\/preinscripcio.gencat.cat\/web\/.content\/ajuda\/guia-preinscripcio-ca.pdf\" data-wplink-url-error=\"true\">GUIA PREINSCRIPCI\u00d3 CURS 26-27<\/a><\/p>\n<p><span style=\"line-height: 1.5;\">Si encara no t\u2019has vingut a informar posa\u2019t en contacte amb nosaltres i et facilitarem tota la informaci\u00f3 que necessitis, resoldrem els teus dubtes, t\u2019ensenyarem la nostra escola i t\u2019ajudarem a tramitar tota la documentaci\u00f3.<\/span><\/p>\n<p><a href=\"http:\/\/queestudiar.gencat.cat\/ca\/preinscripcio\/\">TRIA EDUCATIVA<\/a><\/p>\n<p>DOCUMENTS PER A LA PREINSCRIPCI\u00d3:<\/p>\n<p>Juntament amb la sol\u00b7licitud de preinscripci\u00f3 cal aportar la seg\u00fcent documentaci\u00f3:<\/p>\n<ul class=\"custom-lista\">\n<li>Fotoc\u00f2pia del DNI de l\u2019alumne\/a, passaport o targeta de resid\u00e8ncia on consta el NIE.<\/li>\n<li>Fotoc\u00f2pia del DNI del Pare, Mare i\/o Tutor Legal, passaport o targeta de resid\u00e8ncia on consta el NIE.<\/li>\n<li>Fotoc\u00f2pia del llibre de fam\u00edlia (p\u00e0gina de l\u2019alumne\/a) o altres documents relatius a la filiaci\u00f3 (partida de naixement).<\/li>\n<li>Fotoc\u00f2pia Certificat Metge Oficial o Carnet de Vacunacions.<\/li>\n<li>Fotoc\u00f2pia de la TIS (targeta d\u2019identificaci\u00f3 sanit\u00e0ria) de l\u2019alumne.<\/li>\n<li>Documentaci\u00f3 qualificacions escolars.<\/li>\n<li>Fotoc\u00f2pia dades banc\u00e0ries (cartilla banc\u00e0ria).<\/li>\n<\/ul>\n<p>Amb les fotoc\u00f2pies corresponents caldr\u00e0 tamb\u00e9 entregar els originals, per a la seva comprovaci\u00f3.<\/p>\n<h2>Documents d&#8217;inter\u00e8s per a les fam\u00edlies<\/h2>\n<p><a class=\"download-link\" href=\"http:\/\/centresmolina.com\/centreensenyament\/files\/2025\/09\/Autoritzacio-sortida-alumnes-Educacio-Fisica.pdf\">Autoritzaci\u00f3 sortida alumnes Educaci\u00f3 F\u00edsica<\/a><\/p>\n<p><a class=\"download-link\" href=\"http:\/\/centresmolina.com\/centreensenyament\/files\/2025\/09\/Autoritzacio-medica.pdf\">Autoritzaci\u00f3 m\u00e8dica<\/a><\/p>\n<p><a class=\"download-link\" href=\"http:\/\/centresmolina.com\/centreensenyament\/files\/2025\/09\/Autoritzacio-imatge-Generalitat-Cat.pdf\">Autoritzaci\u00f3 imatge Generalitat Cat<\/a><\/p>\n<p><a class=\"download-link\" href=\"http:\/\/centresmolina.com\/centreensenyament\/files\/2025\/09\/Autoritzacio-pares-no-biologics.pdf\">Autoritzaci\u00f3 pares no biol\u00f2gics<\/a><\/p>\n<p><a class=\"download-link\" href=\"http:\/\/centresmolina.com\/centreensenyament\/files\/2025\/09\/Document-LOPD-alumnes-menors-edat.pdf\">Document LOPD alumnes menors edat<\/a><\/p>\n<p><a class=\"download-link\" href=\"http:\/\/centresmolina.com\/centreensenyament\/files\/2025\/09\/Document-LOPD-alumnes-majors-edat.pdf\">Document LOPD alumnes majors edat<\/a><\/p>\n<p><a class=\"download-link\" href=\"http:\/\/centresmolina.com\/centreensenyament\/files\/2025\/09\/Document-LOPD-per-part-de-tercers.pdf\">Document LOPD per part de tercers<\/a><\/p>\n<p><a class=\"download-link\" href=\"http:\/\/centresmolina.com\/centreensenyament\/files\/2025\/09\/Autoritzacio-Sortides-ESO.pdf\">Autoritzaci\u00f3 Sortides ESO<\/a><\/p>\n<p><a class=\"download-link\" href=\"http:\/\/centresmolina.com\/centreensenyament\/files\/2025\/09\/Autoritzacio-Sortides-CFGM.pdf\">Autoritzaci\u00f3 Sortides CFGM<\/a><\/p>\n<p><a class=\"download-link\" href=\"http:\/\/centresmolina.com\/centreensenyament\/files\/2025\/09\/Autoritzacio-sortida-alumnes-servei-menjador.pdf\">Autoritzaci\u00f3 sortida alumnes servei menjador<\/a><\/p>\n<p><a class=\"download-link\" href=\"http:\/\/centresmolina.com\/centreensenyament\/files\/2025\/09\/Carta-Compromis-Educatiu.pdf\">Carta Comprom\u00eds Educatiu<\/a><\/p>\n<p><a class=\"download-link\" style=\"font-size: revert;\" href=\"http:\/\/centresmolina.com\/centreensenyament\/files\/2025\/09\/CIRCULAR-INICI-DE-CURS-25-26.pdf\">CIRCULAR INICI DE CURS 25-26<\/a><\/p>\n<p><a class=\"download-link\" href=\"http:\/\/centresmolina.com\/centreensenyament\/files\/2025\/09\/Condicions-Generals.pdf\">Condicions Generals<\/a><\/p>\n<p><a class=\"download-link\" href=\"http:\/\/centresmolina.com\/centreensenyament\/files\/2023\/07\/DECALEG-DE-PRACTIQUES-DEL-BON-US-PORTATIL-1.pdf\">Dec\u00e0leg de pr\u00e0ctiques del bon \u00fas port\u00e0til<\/a><\/p>\n<p><a class=\"download-link\" href=\"http:\/\/centresmolina.com\/centreensenyament\/files\/2025\/09\/Document-serveis-Google-Workspace-for-Education-Disseny-Grafic.pdf\">Document serveis Google Workspace for Education-Disseny Gr\u00e0fic<\/a><\/p>\n<p><a class=\"download-link\" href=\"http:\/\/centresmolina.com\/centreensenyament\/files\/2025\/09\/Equipacio-Deportiva.pdf\">Equipaci\u00f3 Esportiva<\/a><\/p>\n<p><a class=\"download-link\" style=\"font-size: revert;\" href=\"http:\/\/centresmolina.com\/centreensenyament\/files\/2023\/07\/FULL-DE-DOMICILIACIO-BANCARIA.pdf\">Full de Domiciliaci\u00f3 Banc\u00e0ria<\/a><\/p>\n<p><a class=\"download-link\" href=\"http:\/\/centresmolina.com\/centreensenyament\/files\/2025\/09\/Intolerancies-menjador.pdf\">Intoler\u00e0ncies menjador<\/a><\/p>\n<p><a class=\"download-link\" href=\"http:\/\/centresmolina.com\/centreensenyament\/files\/2025\/09\/NORMES-CONVIVENCIA-25-26.pdf\">Normes de Conviv\u00e8ncia 25-26<\/a><\/p>\n<p><a class=\"download-link\" href=\"http:\/\/centresmolina.com\/centreensenyament\/files\/2025\/10\/MENU-2025-2026.pdf\">Men\u00fa 2025-2026<\/a><\/p>\n<p><a class=\"download-link\" href=\"http:\/\/centresmolina.com\/centreensenyament\/files\/2025\/10\/Preus-Menjador-25-26.pdf\">Preus Menjador 25-26<\/a><\/p>\n<p><a class=\"download-link\" href=\"http:\/\/centresmolina.com\/centreensenyament\/files\/2025\/09\/Servei-menjador-Escola-Molina.pdf\">Servei menjador Escola Molina<\/a><\/p>\n<h2>Horari de l&#8217;escola<\/h2>\n<p>Independentment de l\u2019horari escolar dels alumnes, la secretaria de l\u2019escola roman oberta en el seg\u00fcent horari:<\/p>\n<ul class=\"custom-lista\">\n<li><span class=\"blau\">Dilluns\u00a0i dimecres:<\/span>\u00a09:00h &#8211; 13:00h \/ 15:00h &#8211; 21:00h<\/li>\n<li><span class=\"blau\">Dimarts i dijous:<\/span> 9:00h &#8211; 13:00h \/ 15:00h &#8211; 19:00h<\/li>\n<li><span class=\"blau\">Divendres:<\/span> 9:00h &#8211; 14:00h<\/li>\n<\/ul>\n<h2>Certificats<\/h2>\n<p>Per a sol\u00b7licitar algun certificat, t\u00edtol o un altre document \u00e9s necessari complimentar la sol\u00b7licitud de certificat que trobareu en el document adjunt que us facilitem a continuaci\u00f3.<\/p>\n<p>Un cop omplert i signat cal entregar-lo a la secretaria de l\u2019escola. Per a qualsevol altre tr\u00e0mit podeu contactar amb nosaltres i us facilitarem m\u00e9s informaci\u00f3.<\/p>\n<p><a class=\"download-link\" href=\"http:\/\/centresmolina.com\/centreensenyament\/files\/2014\/05\/Sol.licitut-certificat.pdf\">Sol\u00b7licitud de certificat<\/a><\/p>\n<p><a class=\"download-link\" href=\"http:\/\/centresmolina.com\/centreensenyament\/files\/2014\/05\/Autoritzaci\u00f3-lliurament-t\u00edtol.pdf\">Autoritzaci\u00f3 lliurament del t\u00edtol<\/a><\/p>\n<h2>Ajuts i Beques<\/h2>\n<p>Com cada curs escolar, la Generalitat de Catalunya ofereix uns ajuts i beques dirigides a fam\u00edlies i alumnes que compleixen uns requisits determinats. Aquestes ajudes tenen terminis de temps determinats per a presentar les sol\u00b7licituds i cada curs poden variar les condicions, terminis i requisits.<\/p>\n<p>\u00c9s per aquest motiu, que us indiquem directament quin \u00e9s l\u2019enlla\u00e7, per a que consulteu, en cada cas, l\u2019ajut o beca que us interessi, amb la informaci\u00f3 actualitzada.<\/p>\n<p>Dins el web heu de consultar els apartats d\u2019Ajuts i Subvencions i de Beques.<\/p>\n<p><a class=\"download-link\" href=\"https:\/\/www.edubcn.cat\/ca\/alumnat_i_familia\/ajuts_beques_i_subvencions\/ajuts_de_menjador_escolar\" target=\"_blank\" rel=\"noopener noreferrer\">Ajuts i Beques (Generalitat de Catalunya)<\/a><\/p>\n\n\n<p><\/p>\n","protected":false},"excerpt":{"rendered":"<p>Preinscripcions i matr\u00edcules El proc\u00e9s de preinscripci\u00f3 escolar per a cursar ESO\u00a0Preinscripci\u00f3 ESO\u00a0 Curs 2026-2027 \u00e9s del 6 al 18&#8230;<\/p>\n","protected":false},"author":1,"featured_media":687,"parent":0,"menu_order":0,"comment_status":"open","ping_status":"open","template":"","meta":{"footnotes":""},"class_list":["post-51","page","type-page","status-publish","has-post-thumbnail","hentry"],"yoast_head":"<!-- This site is optimized with the Yoast SEO plugin v27.2 - https:\/\/yoast.com\/product\/yoast-seo-wordpress\/ -->\n<title>Secretaria - Centres d&#039;ensenyament<\/title>\n<meta name=\"description\" content=\"Secretaria - Centres d&#039;ensenyament et facilitarem tota la informaci\u00f3 que necessitis, resoldrem els teus dubtes i t\u2019ajudarem a tramitar tota la documentaci\u00f3.\" \/>\n<meta name=\"robots\" content=\"index, follow, max-snippet:-1, max-image-preview:large, max-video-preview:-1\" \/>\n<link rel=\"canonical\" href=\"https:\/\/centresmolina.com\/centreensenyament\/secretaria\/\" \/>\n<meta property=\"og:locale\" content=\"ca_ES\" \/>\n<meta property=\"og:type\" content=\"article\" \/>\n<meta property=\"og:title\" content=\"Secretaria - Centres d&#039;ensenyament\" \/>\n<meta property=\"og:description\" content=\"Secretaria - Centres d&#039;ensenyament et facilitarem tota la informaci\u00f3 que necessitis, resoldrem els teus dubtes i t\u2019ajudarem a tramitar tota la documentaci\u00f3.\" \/>\n<meta property=\"og:url\" content=\"https:\/\/centresmolina.com\/centreensenyament\/secretaria\/\" \/>\n<meta property=\"og:site_name\" content=\"Centros de ense\u00f1anza\" \/>\n<meta property=\"article:modified_time\" content=\"2026-04-01T09:25:16+00:00\" \/>\n<meta property=\"og:image\" content=\"http:\/\/centresmolina.com\/centreensenyament\/files\/2014\/05\/secretaria.jpg\" \/>\n\t<meta property=\"og:image:width\" content=\"674\" \/>\n\t<meta property=\"og:image:height\" content=\"333\" \/>\n\t<meta property=\"og:image:type\" content=\"image\/jpeg\" \/>\n<meta name=\"twitter:label1\" content=\"Temps estimat de lectura\" \/>\n\t<meta name=\"twitter:data1\" content=\"3 minuts\" \/>\n<script type=\"application\/ld+json\" class=\"yoast-schema-graph\">{\"@context\":\"https:\/\/schema.org\",\"@graph\":[{\"@type\":\"WebPage\",\"@id\":\"https:\/\/centresmolina.com\/centreensenyament\/secretaria\/\",\"url\":\"https:\/\/centresmolina.com\/centreensenyament\/secretaria\/\",\"name\":\"Secretaria - Centres d'ensenyament\",\"isPartOf\":{\"@id\":\"https:\/\/centresmolina.com\/centreensenyament\/#website\"},\"primaryImageOfPage\":{\"@id\":\"https:\/\/centresmolina.com\/centreensenyament\/secretaria\/#primaryimage\"},\"image\":{\"@id\":\"https:\/\/centresmolina.com\/centreensenyament\/secretaria\/#primaryimage\"},\"thumbnailUrl\":\"https:\/\/centresmolina.com\/centreensenyament\/files\/2014\/05\/secretaria.jpg\",\"datePublished\":\"2014-05-13T09:35:38+00:00\",\"dateModified\":\"2026-04-01T09:25:16+00:00\",\"description\":\"Secretaria - Centres d'ensenyament et facilitarem tota la informaci\u00f3 que necessitis, resoldrem els teus dubtes i t\u2019ajudarem a tramitar tota la documentaci\u00f3.\",\"breadcrumb\":{\"@id\":\"https:\/\/centresmolina.com\/centreensenyament\/secretaria\/#breadcrumb\"},\"inLanguage\":\"ca\",\"potentialAction\":[{\"@type\":\"ReadAction\",\"target\":[\"https:\/\/centresmolina.com\/centreensenyament\/secretaria\/\"]}]},{\"@type\":\"ImageObject\",\"inLanguage\":\"ca\",\"@id\":\"https:\/\/centresmolina.com\/centreensenyament\/secretaria\/#primaryimage\",\"url\":\"https:\/\/centresmolina.com\/centreensenyament\/files\/2014\/05\/secretaria.jpg\",\"contentUrl\":\"https:\/\/centresmolina.com\/centreensenyament\/files\/2014\/05\/secretaria.jpg\",\"width\":674,\"height\":333},{\"@type\":\"BreadcrumbList\",\"@id\":\"https:\/\/centresmolina.com\/centreensenyament\/secretaria\/#breadcrumb\",\"itemListElement\":[{\"@type\":\"ListItem\",\"position\":1,\"name\":\"Portada\",\"item\":\"https:\/\/centresmolina.com\/centreensenyament\/\"},{\"@type\":\"ListItem\",\"position\":2,\"name\":\"Secretaria\"}]},{\"@type\":\"WebSite\",\"@id\":\"https:\/\/centresmolina.com\/centreensenyament\/#website\",\"url\":\"https:\/\/centresmolina.com\/centreensenyament\/\",\"name\":\"Centros de ense\u00f1anza\",\"description\":\"Centres Molina - Centros de ense\u00f1anza\",\"potentialAction\":[{\"@type\":\"SearchAction\",\"target\":{\"@type\":\"EntryPoint\",\"urlTemplate\":\"https:\/\/centresmolina.com\/centreensenyament\/?s={search_term_string}\"},\"query-input\":{\"@type\":\"PropertyValueSpecification\",\"valueRequired\":true,\"valueName\":\"search_term_string\"}}],\"inLanguage\":\"ca\"}]}<\/script>\n<!-- \/ Yoast SEO plugin. -->","yoast_head_json":{"title":"Secretaria - Centres d'ensenyament","description":"Secretaria - Centres d'ensenyament et facilitarem tota la informaci\u00f3 que necessitis, resoldrem els teus dubtes i t\u2019ajudarem a tramitar tota la documentaci\u00f3.","robots":{"index":"index","follow":"follow","max-snippet":"max-snippet:-1","max-image-preview":"max-image-preview:large","max-video-preview":"max-video-preview:-1"},"canonical":"https:\/\/centresmolina.com\/centreensenyament\/secretaria\/","og_locale":"ca_ES","og_type":"article","og_title":"Secretaria - Centres d'ensenyament","og_description":"Secretaria - Centres d'ensenyament et facilitarem tota la informaci\u00f3 que necessitis, resoldrem els teus dubtes i t\u2019ajudarem a tramitar tota la documentaci\u00f3.","og_url":"https:\/\/centresmolina.com\/centreensenyament\/secretaria\/","og_site_name":"Centros de ense\u00f1anza","article_modified_time":"2026-04-01T09:25:16+00:00","og_image":[{"width":674,"height":333,"url":"http:\/\/centresmolina.com\/centreensenyament\/files\/2014\/05\/secretaria.jpg","type":"image\/jpeg"}],"twitter_misc":{"Temps estimat de lectura":"3 minuts"},"schema":{"@context":"https:\/\/schema.org","@graph":[{"@type":"WebPage","@id":"https:\/\/centresmolina.com\/centreensenyament\/secretaria\/","url":"https:\/\/centresmolina.com\/centreensenyament\/secretaria\/","name":"Secretaria - Centres d'ensenyament","isPartOf":{"@id":"https:\/\/centresmolina.com\/centreensenyament\/#website"},"primaryImageOfPage":{"@id":"https:\/\/centresmolina.com\/centreensenyament\/secretaria\/#primaryimage"},"image":{"@id":"https:\/\/centresmolina.com\/centreensenyament\/secretaria\/#primaryimage"},"thumbnailUrl":"https:\/\/centresmolina.com\/centreensenyament\/files\/2014\/05\/secretaria.jpg","datePublished":"2014-05-13T09:35:38+00:00","dateModified":"2026-04-01T09:25:16+00:00","description":"Secretaria - Centres d'ensenyament et facilitarem tota la informaci\u00f3 que necessitis, resoldrem els teus dubtes i t\u2019ajudarem a tramitar tota la documentaci\u00f3.","breadcrumb":{"@id":"https:\/\/centresmolina.com\/centreensenyament\/secretaria\/#breadcrumb"},"inLanguage":"ca","potentialAction":[{"@type":"ReadAction","target":["https:\/\/centresmolina.com\/centreensenyament\/secretaria\/"]}]},{"@type":"ImageObject","inLanguage":"ca","@id":"https:\/\/centresmolina.com\/centreensenyament\/secretaria\/#primaryimage","url":"https:\/\/centresmolina.com\/centreensenyament\/files\/2014\/05\/secretaria.jpg","contentUrl":"https:\/\/centresmolina.com\/centreensenyament\/files\/2014\/05\/secretaria.jpg","width":674,"height":333},{"@type":"BreadcrumbList","@id":"https:\/\/centresmolina.com\/centreensenyament\/secretaria\/#breadcrumb","itemListElement":[{"@type":"ListItem","position":1,"name":"Portada","item":"https:\/\/centresmolina.com\/centreensenyament\/"},{"@type":"ListItem","position":2,"name":"Secretaria"}]},{"@type":"WebSite","@id":"https:\/\/centresmolina.com\/centreensenyament\/#website","url":"https:\/\/centresmolina.com\/centreensenyament\/","name":"Centros de ense\u00f1anza","description":"Centres Molina - Centros de ense\u00f1anza","potentialAction":[{"@type":"SearchAction","target":{"@type":"EntryPoint","urlTemplate":"https:\/\/centresmolina.com\/centreensenyament\/?s={search_term_string}"},"query-input":{"@type":"PropertyValueSpecification","valueRequired":true,"valueName":"search_term_string"}}],"inLanguage":"ca"}]}},"_links":{"self":[{"href":"https:\/\/centresmolina.com\/centreensenyament\/wp-json\/wp\/v2\/pages\/51","targetHints":{"allow":["GET"]}}],"collection":[{"href":"https:\/\/centresmolina.com\/centreensenyament\/wp-json\/wp\/v2\/pages"}],"about":[{"href":"https:\/\/centresmolina.com\/centreensenyament\/wp-json\/wp\/v2\/types\/page"}],"author":[{"embeddable":true,"href":"https:\/\/centresmolina.com\/centreensenyament\/wp-json\/wp\/v2\/users\/1"}],"replies":[{"embeddable":true,"href":"https:\/\/centresmolina.com\/centreensenyament\/wp-json\/wp\/v2\/comments?post=51"}],"version-history":[{"count":234,"href":"https:\/\/centresmolina.com\/centreensenyament\/wp-json\/wp\/v2\/pages\/51\/revisions"}],"predecessor-version":[{"id":22983,"href":"https:\/\/centresmolina.com\/centreensenyament\/wp-json\/wp\/v2\/pages\/51\/revisions\/22983"}],"wp:featuredmedia":[{"embeddable":true,"href":"https:\/\/centresmolina.com\/centreensenyament\/wp-json\/wp\/v2\/media\/687"}],"wp:attachment":[{"href":"https:\/\/centresmolina.com\/centreensenyament\/wp-json\/wp\/v2\/media?parent=51"}],"curies":[{"name":"wp","href":"https:\/\/api.w.org\/{rel}","templated":true}]}}